{"id":28523,"date":"2025-03-05T20:01:41","date_gmt":"2025-03-05T19:01:41","guid":{"rendered":"https:\/\/academy.vg\/reservez-votre-experience\/"},"modified":"2026-02-20T19:22:12","modified_gmt":"2026-02-20T18:22:12","slug":"reservez-votre-experience","status":"publish","type":"page","link":"https:\/\/academy.vg\/fr\/reservez-votre-experience\/","title":{"rendered":"R\u00e9servez votre exp\u00e9rience"},"content":{"rendered":"<div class=\"fusion-fullwidth fullwidth-box fusion-builder-row-1 fusion-flex-container has-pattern-background has-mask-background nonhundred-percent-fullwidth non-hundred-percent-height-scrolling\" style=\"--awb-border-radius-top-left:0px;--awb-border-radius-top-right:0px;--awb-border-radius-bottom-right:0px;--awb-border-radius-bottom-left:0px;--awb-padding-right:0px;--awb-padding-left:0px;--awb-flex-wrap:wrap;\" ><div class=\"fusion-builder-row fusion-row fusion-flex-align-items-flex-start fusion-flex-content-wrap\" style=\"max-width:93.6%;margin-left: calc(-4% \/ 2 );margin-right: calc(-4% \/ 2 );\"><div class=\"fusion-layout-column fusion_builder_column fusion-builder-column-0 fusion_builder_column_1_1 1_1 fusion-flex-column\" style=\"--awb-padding-right:0px;--awb-padding-left:0px;--awb-bg-size:cover;--awb-width-large:100%;--awb-margin-top-large:0px;--awb-spacing-right-large:1.92%;--awb-margin-bottom-large:0px;--awb-spacing-left-large:1.92%;--awb-width-medium:100%;--awb-order-medium:0;--awb-spacing-right-medium:1.92%;--awb-spacing-left-medium:1.92%;--awb-width-small:100%;--awb-order-small:0;--awb-spacing-right-small:1.92%;--awb-spacing-left-small:1.92%;\" data-scroll-devices=\"small-visibility,medium-visibility,large-visibility\"><div class=\"fusion-column-wrapper fusion-column-has-shadow fusion-flex-justify-content-flex-start fusion-content-layout-column\"><div\n\t class=\"tribe-common tribe-events tribe-events-view tribe-events-view--list alignwide tribe-events-view--shortcode tribe-events-view--shortcode-4628ae31\" \tdata-js=\"tribe-events-view\"\n\tdata-view-rest-url=\"https:\/\/academy.vg\/fr\/wp-json\/tribe\/views\/v2\/html\"\n\tdata-view-rest-method=\"GET\"\n\tdata-view-manage-url=\"\"\n\t\t\tdata-view-shortcode=\"4628ae31\"\n\t\t\t\tdata-view-breakpoint-pointer=\"67e6fd14-016e-4156-935d-52c86fe0b69b\"\n\t>\n\t<section class=\"tribe-common-l-container tribe-events-l-container\">\n\t\t<div\n\tclass=\"tribe-events-view-loader tribe-common-a11y-hidden\"\n\trole=\"alert\"\n\taria-live=\"polite\"\n>\n\t<span class=\"tribe-events-view-loader__text tribe-common-a11y-visual-hide\">\n\t\t7 \u00e9v\u00e8nements found.\t<\/span>\n\t<div class=\"tribe-events-view-loader__dots tribe-common-c-loader\">\n\t\t<svg\n\t class=\"tribe-common-c-svgicon tribe-common-c-svgicon--dot tribe-common-c-loader__dot tribe-common-c-loader__dot--first\" \taria-hidden=\"true\"\n\tviewBox=\"0 0 15 15\"\n\txmlns=\"http:\/\/www.w3.org\/2000\/svg\"\n>\n\t<circle cx=\"7.5\" cy=\"7.5\" r=\"7.5\"\/>\n<\/svg>\n\t\t<svg\n\t class=\"tribe-common-c-svgicon tribe-common-c-svgicon--dot tribe-common-c-loader__dot tribe-common-c-loader__dot--second\" \taria-hidden=\"true\"\n\tviewBox=\"0 0 15 15\"\n\txmlns=\"http:\/\/www.w3.org\/2000\/svg\"\n>\n\t<circle cx=\"7.5\" cy=\"7.5\" r=\"7.5\"\/>\n<\/svg>\n\t\t<svg\n\t class=\"tribe-common-c-svgicon tribe-common-c-svgicon--dot tribe-common-c-loader__dot tribe-common-c-loader__dot--third\" \taria-hidden=\"true\"\n\tviewBox=\"0 0 15 15\"\n\txmlns=\"http:\/\/www.w3.org\/2000\/svg\"\n>\n\t<circle cx=\"7.5\" cy=\"7.5\" r=\"7.5\"\/>\n<\/svg>\n\t<\/div>\n<\/div>\n\n\t\t<script type=\"application\/ld+json\">\r\n[{\"@context\":\"http:\/\/schema.org\",\"@type\":\"Event\",\"name\":\"Au plus pr\\u00e8s de Van Gogh, photographies in\\u00e9dites\",\"description\":\"&lt;p&gt;La Van Gogh Academy pr\\u00e9sente pour la premi\\u00e8re fois au monde un ensemble de photographies in\\u00e9dites li\\u00e9es \\u00e0 la vie de Vincent van Gogh. Ces images, issues d\\u2019albums constitu\\u00e9s par le biographe et critique d\\u2019art Gustave Coquiot, viennent tout r\\u00e9cemment d\\u2019\\u00eatre d\\u00e9couvertes puis int\\u00e9gr\\u00e9es aux collections de la Van Gogh Academy. Un accrochage d\\u2019\\u0153uvres impressionnistes  [...]&lt;\/p&gt;\\\\n\",\"image\":\"https:\/\/academy.vg\/wp-content\/uploads\/2026\/04\/Pont-de-Langlois-VGA.jpeg\",\"url\":\"https:\/\/academy.vg\/fr\/event\/au-plus-pres-de-van-gogh-photographies-inedites\/\",\"eventAttendanceMode\":\"https:\/\/schema.org\/OfflineEventAttendanceMode\",\"eventStatus\":\"https:\/\/schema.org\/EventScheduled\",\"startDate\":\"2026-04-03T00:00:00+02:00\",\"endDate\":\"2026-06-20T23:59:59+02:00\",\"location\":{\"@type\":\"Place\",\"name\":\"Van Gogh Academy\",\"description\":\"\",\"url\":\"https:\/\/academy.vg\/fr\/lieu\/la-van-gogh-academy\/\",\"address\":{\"@type\":\"PostalAddress\",\"streetAddress\":\"1 rue Fran\\u00e7ois Mitterrand\",\"addressLocality\":\"Auvers-sur-Oise\",\"postalCode\":\"95430\",\"addressCountry\":\"France\"},\"telephone\":\"\",\"sameAs\":\"\"},\"performer\":\"Organization\"},{\"@context\":\"http:\/\/schema.org\",\"@type\":\"Event\",\"name\":\"Balade culturelle\",\"description\":\"&lt;p&gt;\\u00c0 partir des recherches de Wouter van der Veen, les balades culturelles de la Van Gogh Academy vous proposent une lecture \\u00e0 la fois accessible et approfondie des paysages et des lieux peints par Vincent van Gogh \\u00e0 Auvers. Au fil du parcours, red\\u00e9couvrez le territoire \\u00e0 travers le regard du peintre, en reliant les  [...]&lt;\/p&gt;\\\\n\",\"image\":\"https:\/\/academy.vg\/wp-content\/uploads\/2026\/04\/visuel-ballades-culturelles-AVG.jpeg\",\"url\":\"https:\/\/academy.vg\/fr\/event\/balade-culturelle-3\/\",\"offers\":[{\"@type\":\"Offer\",\"url\":\"https:\/\/academy.vg\/fr\/event\/balade-culturelle-3\/\",\"price\":\"0\",\"category\":\"primary\",\"availability\":\"InStock\",\"priceCurrency\":\"USD\",\"validFrom\":\"2026-04-07T00:00:00+00:00\",\"validThrough\":\"2026-05-09T00:00:00+00:00\"}],\"eventAttendanceMode\":\"https:\/\/schema.org\/OfflineEventAttendanceMode\",\"eventStatus\":\"https:\/\/schema.org\/EventScheduled\",\"startDate\":\"2026-05-09T10:00:00+02:00\",\"endDate\":\"2026-05-09T12:00:00+02:00\",\"location\":{\"@type\":\"Place\",\"name\":\"Van Gogh Academy\",\"description\":\"\",\"url\":\"https:\/\/academy.vg\/fr\/lieu\/la-van-gogh-academy\/\",\"address\":{\"@type\":\"PostalAddress\",\"streetAddress\":\"1 rue Fran\\u00e7ois Mitterrand\",\"addressLocality\":\"Auvers-sur-Oise\",\"postalCode\":\"95430\",\"addressCountry\":\"France\"},\"telephone\":\"\",\"sameAs\":\"\"},\"performer\":\"Organization\"},{\"@context\":\"http:\/\/schema.org\",\"@type\":\"Event\",\"name\":\"Balade culturelle\",\"description\":\"&lt;p&gt;\\u00c0 partir des recherches de Wouter van der Veen, les balades culturelles de la Van Gogh Academy vous proposent une lecture \\u00e0 la fois accessible et approfondie des paysages et des lieux peints par Vincent van Gogh \\u00e0 Auvers. Au fil du parcours, red\\u00e9couvrez le territoire \\u00e0 travers le regard du peintre, en reliant les  [...]&lt;\/p&gt;\\\\n\",\"image\":\"https:\/\/academy.vg\/wp-content\/uploads\/2026\/04\/visuel-ballades-culturelles-AVG.jpeg\",\"url\":\"https:\/\/academy.vg\/fr\/event\/balade-culturelle-4\/\",\"offers\":[{\"@type\":\"Offer\",\"url\":\"https:\/\/academy.vg\/fr\/event\/balade-culturelle-4\/\",\"price\":\"0\",\"category\":\"primary\",\"availability\":\"InStock\",\"priceCurrency\":\"USD\",\"validFrom\":\"2026-04-07T00:00:00+00:00\",\"validThrough\":\"2026-05-22T00:00:00+00:00\"}],\"eventAttendanceMode\":\"https:\/\/schema.org\/OfflineEventAttendanceMode\",\"eventStatus\":\"https:\/\/schema.org\/EventScheduled\",\"startDate\":\"2026-05-23T10:00:00+02:00\",\"endDate\":\"2026-05-23T12:00:00+02:00\",\"location\":{\"@type\":\"Place\",\"name\":\"Van Gogh Academy\",\"description\":\"\",\"url\":\"https:\/\/academy.vg\/fr\/lieu\/la-van-gogh-academy\/\",\"address\":{\"@type\":\"PostalAddress\",\"streetAddress\":\"1 rue Fran\\u00e7ois Mitterrand\",\"addressLocality\":\"Auvers-sur-Oise\",\"postalCode\":\"95430\",\"addressCountry\":\"France\"},\"telephone\":\"\",\"sameAs\":\"\"},\"performer\":\"Organization\"},{\"@context\":\"http:\/\/schema.org\",\"@type\":\"Event\",\"name\":\"Ap\\u00e9ritif culturel\",\"description\":\"&lt;p&gt;La Van Gogh Academy propose des temps d\\u2019\\u00e9change informels autour des \\u0153uvres et de l\\u2019univers de Vincent van Gogh. Dans une atmosph\\u00e8re chaleureuse, ces rencontres invitent \\u00e0 croiser les regards et \\u00e0 approfondir notre compr\\u00e9hension de Van Gogh, tout en offrant un acc\\u00e8s privil\\u00e9gi\\u00e9 \\u00e0 nos derni\\u00e8res acquisitions. - Gratuit, sans r\\u00e9servation.&lt;\/p&gt;\\\\n\",\"image\":\"https:\/\/academy.vg\/wp-content\/uploads\/2026\/04\/apero-culturels.jpg\",\"url\":\"https:\/\/academy.vg\/fr\/event\/aperitif-culturel-2\/\",\"eventAttendanceMode\":\"https:\/\/schema.org\/OfflineEventAttendanceMode\",\"eventStatus\":\"https:\/\/schema.org\/EventScheduled\",\"startDate\":\"2026-05-28T18:00:00+02:00\",\"endDate\":\"2026-05-28T20:00:00+02:00\",\"performer\":\"Organization\"},{\"@context\":\"http:\/\/schema.org\",\"@type\":\"Event\",\"name\":\"Ap\\u00e9ritif culturel\",\"description\":\"&lt;p&gt;La Van Gogh Academy propose des temps d\\u2019\\u00e9change informels autour des \\u0153uvres et de l\\u2019univers de Vincent van Gogh. Dans une atmosph\\u00e8re chaleureuse, ces rencontres invitent \\u00e0 croiser les regards et \\u00e0 approfondir notre compr\\u00e9hension de Van Gogh, tout en offrant un acc\\u00e8s privil\\u00e9gi\\u00e9 \\u00e0 nos derni\\u00e8res acquisitions. - Gratuit, sans r\\u00e9servation.&lt;\/p&gt;\\\\n\",\"image\":\"https:\/\/academy.vg\/wp-content\/uploads\/2026\/04\/apero-culturels.jpg\",\"url\":\"https:\/\/academy.vg\/fr\/event\/aperitif-culturel-3\/\",\"eventAttendanceMode\":\"https:\/\/schema.org\/OfflineEventAttendanceMode\",\"eventStatus\":\"https:\/\/schema.org\/EventScheduled\",\"startDate\":\"2026-06-18T18:00:00+02:00\",\"endDate\":\"2026-06-18T20:00:00+02:00\",\"performer\":\"Organization\"},{\"@context\":\"http:\/\/schema.org\",\"@type\":\"Event\",\"name\":\"Balade culturelle\",\"description\":\"&lt;p&gt;\\u00c0 partir des recherches de Wouter van der Veen, les balades culturelles de la Van Gogh Academy vous proposent une lecture \\u00e0 la fois accessible et approfondie des paysages et des lieux peints par Vincent van Gogh \\u00e0 Auvers. Au fil du parcours, red\\u00e9couvrez le territoire \\u00e0 travers le regard du peintre, en reliant les  [...]&lt;\/p&gt;\\\\n\",\"image\":\"https:\/\/academy.vg\/wp-content\/uploads\/2026\/04\/visuel-ballades-culturelles-AVG.jpeg\",\"url\":\"https:\/\/academy.vg\/fr\/event\/balade-culturelle-6\/\",\"offers\":[{\"@type\":\"Offer\",\"url\":\"https:\/\/academy.vg\/fr\/event\/balade-culturelle-6\/\",\"price\":\"0\",\"category\":\"primary\",\"availability\":\"InStock\",\"priceCurrency\":\"USD\",\"validFrom\":\"2026-04-07T00:00:00+00:00\",\"validThrough\":\"2026-06-19T00:00:00+00:00\"}],\"eventAttendanceMode\":\"https:\/\/schema.org\/OfflineEventAttendanceMode\",\"eventStatus\":\"https:\/\/schema.org\/EventScheduled\",\"startDate\":\"2026-06-20T10:00:00+02:00\",\"endDate\":\"2026-06-20T12:00:00+02:00\",\"location\":{\"@type\":\"Place\",\"name\":\"Van Gogh Academy\",\"description\":\"\",\"url\":\"https:\/\/academy.vg\/fr\/lieu\/la-van-gogh-academy\/\",\"address\":{\"@type\":\"PostalAddress\",\"streetAddress\":\"1 rue Fran\\u00e7ois Mitterrand\",\"addressLocality\":\"Auvers-sur-Oise\",\"postalCode\":\"95430\",\"addressCountry\":\"France\"},\"telephone\":\"\",\"sameAs\":\"\"},\"performer\":\"Organization\"},{\"@context\":\"http:\/\/schema.org\",\"@type\":\"Event\",\"name\":\"Balade culturelle\",\"description\":\"&lt;p&gt;\\u00c0 partir des recherches de Wouter van der Veen, les balades culturelles de la Van Gogh Academy vous proposent une lecture \\u00e0 la fois accessible et approfondie des paysages et des lieux peints par Vincent van Gogh \\u00e0 Auvers. Au fil du parcours, red\\u00e9couvrez le territoire \\u00e0 travers le regard du peintre, en reliant les  [...]&lt;\/p&gt;\\\\n\",\"image\":\"https:\/\/academy.vg\/wp-content\/uploads\/2026\/04\/visuel-ballades-culturelles-AVG.jpeg\",\"url\":\"https:\/\/academy.vg\/fr\/event\/balade-culturelle-7\/\",\"offers\":[{\"@type\":\"Offer\",\"url\":\"https:\/\/academy.vg\/fr\/event\/balade-culturelle-7\/\",\"price\":\"0\",\"category\":\"primary\",\"availability\":\"InStock\",\"priceCurrency\":\"USD\",\"validFrom\":\"2026-04-07T00:00:00+00:00\",\"validThrough\":\"2026-07-11T00:00:00+00:00\"}],\"eventAttendanceMode\":\"https:\/\/schema.org\/OfflineEventAttendanceMode\",\"eventStatus\":\"https:\/\/schema.org\/EventScheduled\",\"startDate\":\"2026-07-11T10:00:00+02:00\",\"endDate\":\"2026-07-11T12:00:00+02:00\",\"location\":{\"@type\":\"Place\",\"name\":\"Van Gogh Academy\",\"description\":\"\",\"url\":\"https:\/\/academy.vg\/fr\/lieu\/la-van-gogh-academy\/\",\"address\":{\"@type\":\"PostalAddress\",\"streetAddress\":\"1 rue Fran\\u00e7ois Mitterrand\",\"addressLocality\":\"Auvers-sur-Oise\",\"postalCode\":\"95430\",\"addressCountry\":\"France\"},\"telephone\":\"\",\"sameAs\":\"\"},\"performer\":\"Organization\"}]\r\n<\/script>\n\t\t<script data-js=\"tribe-events-view-data\" type=\"application\/json\">\n\t{\"slug\":\"list\",\"prev_url\":\"https:\\\/\\\/academy.vg\\\/fr\\\/\\u00e9v\\u00e9nements\\\/liste\\\/?rest_route=%2Fwp%2Fv2%2Fpages%2F28523&shortcode=4628ae31&eventDisplay=past\",\"next_url\":\"\",\"view_class\":\"Tribe\\\\Events\\\\Views\\\\V2\\\\Views\\\\List_View\",\"view_slug\":\"list\",\"view_label\":\"Liste\",\"title\":\"\\u00c9v\\u00e8nements depuis 3 avril \\u2013 11 juillet \\u2013 Van Gogh Academy\",\"events\":[10000058,10000047,10000048,10000062,10000064,10000050,10000051],\"url\":\"https:\\\/\\\/academy.vg\\\/fr\\\/\\u00e9v\\u00e9nements\\\/liste\\\/?shortcode=4628ae31\",\"url_event_date\":false,\"bar\":{\"keyword\":\"\",\"date\":\"\"},\"today\":\"2026-04-27 00:00:00\",\"now\":\"2026-04-27 14:26:47\",\"home_url\":\"https:\\\/\\\/academy.vg\\\/fr\\\/\",\"rest_url\":\"https:\\\/\\\/academy.vg\\\/fr\\\/wp-json\\\/tribe\\\/views\\\/v2\\\/html\",\"rest_method\":\"GET\",\"rest_nonce\":\"\",\"should_manage_url\":false,\"today_url\":\"https:\\\/\\\/academy.vg\\\/fr\\\/\\u00e9v\\u00e9nements\\\/liste\\\/?rest_route=%2Fwp%2Fv2%2Fpages%2F28523&shortcode=4628ae31\",\"today_title\":\"Cliquer pour s\\u00e9lectionner la date du jour\",\"today_label\":\"Aujourd\\u2019hui\",\"prev_label\":\"\",\"next_label\":\"\",\"date_formats\":{\"compact\":\"d\\\/m\\\/Y\",\"month_and_year_compact\":\"m\\\/Y\",\"month_and_year\":\"F Y\",\"time_range_separator\":\" - \",\"date_time_separator\":\" \\u00e0 \"},\"messages\":[],\"start_of_week\":\"1\",\"header_title\":\"\",\"header_title_element\":\"h1\",\"content_title\":\"\",\"show_content_title\":false,\"breadcrumbs\":[],\"backlink\":false,\"before_events\":\"\",\"after_events\":\"\",\"display_events_bar\":true,\"disable_event_search\":false,\"live_refresh\":true,\"ical\":{\"display_link\":true,\"link\":{\"url\":\"https:\\\/\\\/academy.vg\\\/fr\\\/\\u00e9v\\u00e9nements\\\/liste\\\/?shortcode=4628ae31&#038;ical=1\",\"text\":\"Exporter \\u00c9v\\u00e8nements\",\"title\":\"Utilisez ceci pour partager les donn\\u00e9es de calendrier avec Google Calendar, Apple iCal et d\\u2019autres applications compatibles\"}},\"container_classes\":[\"tribe-common\",\"tribe-events\",\"tribe-events-view\",\"tribe-events-view--list\",\"alignwide\",\"tribe-events-view--shortcode\",\"tribe-events-view--shortcode-4628ae31\"],\"container_data\":{\"shortcode\":\"4628ae31\"},\"is_past\":false,\"breakpoints\":{\"xsmall\":500,\"medium\":768,\"full\":960},\"breakpoint_pointer\":\"67e6fd14-016e-4156-935d-52c86fe0b69b\",\"is_initial_load\":false,\"public_views\":{\"list\":{\"view_class\":\"Tribe\\\\Events\\\\Views\\\\V2\\\\Views\\\\List_View\",\"view_url\":\"https:\\\/\\\/academy.vg\\\/fr\\\/\\u00e9v\\u00e9nements\\\/liste\\\/?shortcode=4628ae31\",\"view_label\":\"Liste\",\"aria_label\":\"Display \\u00c9v\\u00e8nements in Liste View\"},\"month\":{\"view_class\":\"Tribe\\\\Events\\\\Views\\\\V2\\\\Views\\\\Month_View\",\"view_url\":\"https:\\\/\\\/academy.vg\\\/fr\\\/\\u00e9v\\u00e9nements\\\/mois\\\/?shortcode=4628ae31\",\"view_label\":\"Mois\",\"aria_label\":\"Display \\u00c9v\\u00e8nements in Mois View\"},\"day\":{\"view_class\":\"Tribe\\\\Events\\\\Views\\\\V2\\\\Views\\\\Day_View\",\"view_url\":\"https:\\\/\\\/academy.vg\\\/fr\\\/\\u00e9v\\u00e9nements\\\/aujourd\\u2019hui\\\/?shortcode=4628ae31\",\"view_label\":\"Jour\",\"aria_label\":\"Display \\u00c9v\\u00e8nements in Jour View\"},\"week\":{\"view_class\":\"Tribe\\\\Events\\\\Pro\\\\Views\\\\V2\\\\Views\\\\Week_View\",\"view_url\":\"https:\\\/\\\/academy.vg\\\/fr\\\/\\u00e9v\\u00e9nements\\\/semaine\\\/?shortcode=4628ae31\",\"view_label\":\"Semaine\",\"aria_label\":\"Display \\u00c9v\\u00e8nements in Semaine View\"}},\"show_latest_past\":true,\"past\":false,\"show_now\":true,\"now_label\":\"\\u00c0 venir\",\"now_label_mobile\":\"\\u00c0 venir\",\"show_end\":false,\"selected_start_datetime\":\"2026-04-27\",\"selected_start_date_mobile\":\"27\\\/04\\\/2026\",\"selected_start_date_label\":\"27 avril\",\"selected_end_datetime\":\"2026-07-11\",\"selected_end_date_mobile\":\"11\\\/07\\\/2026\",\"selected_end_date_label\":\"11 juillet\",\"datepicker_date\":\"27\\\/04\\\/2026\",\"subscribe_links\":{\"gcal\":{\"label\":\"Google Agenda\",\"single_label\":\"Ajouter \\u00e0 Google Agenda\",\"visible\":true,\"block_slug\":\"hasGoogleCalendar\"},\"ical\":{\"label\":\"iCalendar\",\"single_label\":\"Ajouter \\u00e0 iCalendar\",\"visible\":true,\"block_slug\":\"hasiCal\"},\"outlook-365\":{\"label\":\"Outlook 365\",\"single_label\":\"Outlook 365\",\"visible\":true,\"block_slug\":\"hasOutlook365\"},\"outlook-live\":{\"label\":\"Outlook Live\",\"single_label\":\"Outlook Live\",\"visible\":true,\"block_slug\":\"hasOutlookLive\"},\"ics\":{\"label\":\"Exporter le fichier .ics\",\"single_label\":\"Exporter le fichier .ics\",\"visible\":true,\"block_slug\":null},\"outlook-ics\":{\"label\":\"Exporter le fichier Outlook .ics\",\"single_label\":\"Exporter le fichier Outlook .ics\",\"visible\":true,\"block_slug\":null}},\"display_recurring_toggle\":false,\"_context\":{\"slug\":\"list\",\"should_manage_url\":false},\"text\":\"Chargement\\u2026\",\"classes\":[\"tribe-common-c-loader__dot\",\"tribe-common-c-loader__dot--third\"]}<\/script>\n\n\t\t\n\t\t\n<header  class=\"tribe-events-header tribe-events-header--has-event-search\" >\n\t<div class=\"tribe-events-header__content-title\">\n\t<h1 class=\"screen-reader-text tec-a11y-title-hidden\">\u00c9v\u00e8nements<\/h1><\/div>\n\n\t\n\t\n\t<div\n\t class=\"tribe-events-header__events-bar tribe-events-c-events-bar tribe-events-c-events-bar--border\" \tdata-js=\"tribe-events-events-bar\"\n>\n\n\t<h2 class=\"tribe-common-a11y-visual-hide\">\n\t\tRecherche et navigation de vues \u00c9v\u00e8nements\t<\/h2>\n\n\t\t\t<button\n\tclass=\"tribe-events-c-events-bar__search-button\"\n\taria-controls=\"tribe-events-search-container\"\n\taria-expanded=\"false\"\n\tdata-js=\"tribe-events-search-button\"\n>\n\t<svg\n\t class=\"tribe-common-c-svgicon tribe-common-c-svgicon--search tribe-events-c-events-bar__search-button-icon-svg\" \taria-hidden=\"true\"\n\tviewBox=\"0 0 16 16\"\n\txmlns=\"http:\/\/www.w3.org\/2000\/svg\"\n>\n\t<path fill-rule=\"evenodd\" clip-rule=\"evenodd\" d=\"M11.164 10.133L16 14.97 14.969 16l-4.836-4.836a6.225 6.225 0 01-3.875 1.352 6.24 6.24 0 01-4.427-1.832A6.272 6.272 0 010 6.258 6.24 6.24 0 011.831 1.83 6.272 6.272 0 016.258 0c1.67 0 3.235.658 4.426 1.831a6.272 6.272 0 011.832 4.427c0 1.422-.48 2.773-1.352 3.875zM6.258 1.458c-1.28 0-2.49.498-3.396 1.404-1.866 1.867-1.866 4.925 0 6.791a4.774 4.774 0 003.396 1.405c1.28 0 2.489-.498 3.395-1.405 1.867-1.866 1.867-4.924 0-6.79a4.774 4.774 0 00-3.395-1.405z\"\/>\n<\/svg>\n\t<span class=\"tribe-events-c-events-bar__search-button-text tribe-common-a11y-visual-hide\">\n\t\tRecherche\t<\/span>\n<\/button>\n\n\t\t<div\n\t\t\tclass=\"tribe-events-c-events-bar__search-container\"\n\t\t\tid=\"tribe-events-search-container\"\n\t\t\tdata-js=\"tribe-events-search-container\"\n\t\t>\n\t\t\t<div\n\tclass=\"tribe-events-c-events-bar__search\"\n\tid=\"tribe-events-events-bar-search\"\n\tdata-js=\"tribe-events-events-bar-search\"\n>\n\t<form\n\t\tclass=\"tribe-events-c-search tribe-events-c-events-bar__search-form\"\n\t\tmethod=\"get\"\n\t\tdata-js=\"tribe-events-view-form\"\n\t\trole=\"search\"\n\t>\n\t\t<input type=\"hidden\" name=\"tribe-events-views[url]\" value=\"https:\/\/academy.vg\/fr\/\u00e9v\u00e9nements\/liste\/?shortcode=4628ae31\" \/>\n\n\t\t<div class=\"tribe-events-c-search__input-group\">\n\t\t\t<div\n\tclass=\"tribe-common-form-control-text tribe-events-c-search__input-control tribe-events-c-search__input-control--keyword\"\n\tdata-js=\"tribe-events-events-bar-input-control\"\n>\n\t<label class=\"tribe-common-form-control-text__label\" for=\"tribe-events-events-bar-keyword\">\n\t\tSaisir mot-cl\u00e9. Rechercher \u00c9v\u00e8nements par mot-cl\u00e9.\t<\/label>\n\t<input\n\t\tclass=\"tribe-common-form-control-text__input tribe-events-c-search__input\"\n\t\tdata-js=\"tribe-events-events-bar-input-control-input\"\n\t\ttype=\"text\"\n\t\tid=\"tribe-events-events-bar-keyword\"\n\t\tname=\"tribe-events-views[tribe-bar-search]\"\n\t\tvalue=\"\"\n\t\tplaceholder=\"Rechercher \u00e9v\u00e8nements\"\n\t\taria-label=\"Saisir mot-cl\u00e9. Rechercher \u00e9v\u00e8nements par mot-cl\u00e9.\"\n\t\/>\n\t<svg\n\t class=\"tribe-common-c-svgicon tribe-common-c-svgicon--search tribe-events-c-search__input-control-icon-svg\" \taria-hidden=\"true\"\n\tviewBox=\"0 0 16 16\"\n\txmlns=\"http:\/\/www.w3.org\/2000\/svg\"\n>\n\t<path fill-rule=\"evenodd\" clip-rule=\"evenodd\" d=\"M11.164 10.133L16 14.97 14.969 16l-4.836-4.836a6.225 6.225 0 01-3.875 1.352 6.24 6.24 0 01-4.427-1.832A6.272 6.272 0 010 6.258 6.24 6.24 0 011.831 1.83 6.272 6.272 0 016.258 0c1.67 0 3.235.658 4.426 1.831a6.272 6.272 0 011.832 4.427c0 1.422-.48 2.773-1.352 3.875zM6.258 1.458c-1.28 0-2.49.498-3.396 1.404-1.866 1.867-1.866 4.925 0 6.791a4.774 4.774 0 003.396 1.405c1.28 0 2.489-.498 3.395-1.405 1.867-1.866 1.867-4.924 0-6.79a4.774 4.774 0 00-3.395-1.405z\"\/>\n<\/svg>\n<\/div>\n\t\t<\/div>\n\n\t\t<button\n\tclass=\"tribe-common-c-btn tribe-events-c-search__button\"\n\ttype=\"submit\"\n\tname=\"submit-bar\"\n>\n\tChercher<\/button>\n\t<\/form>\n<\/div>\n\t\t<\/div>\n\t\n\t<div class=\"tribe-events-c-events-bar__views\">\n\t<h3 class=\"tribe-common-a11y-visual-hide\">\n\t\tNavigation de vues \u00c9v\u00e8nement\t<\/h3>\n\t<div  class=\"tribe-events-c-view-selector tribe-events-c-view-selector--labels\"  data-js=\"tribe-events-view-selector\">\n\t\t<button\n\t\t\tclass=\"tribe-events-c-view-selector__button tribe-common-c-btn__clear\"\n\t\t\tdata-js=\"tribe-events-view-selector-button\"\n\t\t\taria-current=\"true\"\n\t\t\taria-description=\"Select Calendar View\"\n\t\t>\n\t\t\t<span class=\"tribe-events-c-view-selector__button-icon\">\n\t\t\t\t<svg\n\t class=\"tribe-common-c-svgicon tribe-common-c-svgicon--list tribe-events-c-view-selector__button-icon-svg\" \taria-hidden=\"true\"\n\tviewBox=\"0 0 19 19\"\n\txmlns=\"http:\/\/www.w3.org\/2000\/svg\"\n>\n\t<path fill-rule=\"evenodd\" clip-rule=\"evenodd\" d=\"M.451.432V17.6c0 .238.163.432.364.432H18.12c.2 0 .364-.194.364-.432V.432c0-.239-.163-.432-.364-.432H.815c-.2 0-.364.193-.364.432zm.993.81h16.024V3.56H1.444V1.24zM17.468 3.56H1.444v13.227h16.024V3.56z\" class=\"tribe-common-c-svgicon__svg-fill\"\/>\n\t<g clip-path=\"url(#tribe-events-c-view-selector__button-icon-svg-0)\" class=\"tribe-common-c-svgicon__svg-fill\">\n\t\t<path fill-rule=\"evenodd\" clip-rule=\"evenodd\" d=\"M11.831 4.912v1.825c0 .504.409.913.913.913h1.825a.913.913 0 00.912-.913V4.912A.913.913 0 0014.57 4h-1.825a.912.912 0 00-.913.912z\"\/>\n\t\t<path d=\"M8.028 7.66a.449.449 0 00.446-.448v-.364c0-.246-.2-.448-.446-.448h-4.13a.449.449 0 00-.447.448v.364c0 .246.201.448.447.448h4.13zM9.797 5.26a.449.449 0 00.447-.448v-.364c0-.246-.201-.448-.447-.448h-5.9a.449.449 0 00-.446.448v.364c0 .246.201.448.447.448h5.9z\"\/>\n\t<\/g>\n\t<g clip-path=\"url(#tribe-events-c-view-selector__button-icon-svg-1)\" class=\"tribe-common-c-svgicon__svg-fill\">\n\t\t\t<path fill-rule=\"evenodd\" clip-rule=\"evenodd\" d=\"M11.831 10.912v1.825c0 .505.409.913.913.913h1.825a.913.913 0 00.912-.912v-1.825A.913.913 0 0014.57 10h-1.825a.912.912 0 00-.913.912z\"\/>\n\t\t<path d=\"M8.028 13.66a.449.449 0 00.446-.448v-.364c0-.246-.2-.448-.446-.448h-4.13a.449.449 0 00-.447.448v.364c0 .246.201.448.447.448h4.13zM9.797 11.26a.449.449 0 00.447-.448v-.364c0-.246-.201-.448-.447-.448h-5.9a.449.449 0 00-.446.448v.364c0 .246.201.448.447.448h5.9z\"\/>\n\t<\/g>\n\t<defs>\n\t\t<clipPath id=\"tribe-events-c-view-selector__button-icon-svg-0\">\n\t\t\t<path transform=\"translate(3.451 4)\" d=\"M0 0h13v4H0z\"\/>\n\t\t<\/clipPath>\n\t\t<clipPath id=\"tribe-events-c-view-selector__button-icon-svg-1\">\n\t\t\t<path transform=\"translate(3.451 10)\" d=\"M0 0h13v4H0z\"\/>\n\t\t<\/clipPath>\n\t<\/defs>\n<\/svg>\n\t\t\t<\/span>\n\t\t\t<span class=\"tribe-events-c-view-selector__button-text tribe-common-a11y-visual-hide\">\n\t\t\t\tListe\t\t\t<\/span>\n\t\t\t<svg\n\t class=\"tribe-common-c-svgicon tribe-common-c-svgicon--caret-down tribe-events-c-view-selector__button-icon-caret-svg\" \taria-hidden=\"true\"\n\tviewBox=\"0 0 10 7\"\n\txmlns=\"http:\/\/www.w3.org\/2000\/svg\"\n>\n\t<path fill-rule=\"evenodd\" clip-rule=\"evenodd\" d=\"M1.008.609L5 4.6 8.992.61l.958.958L5 6.517.05 1.566l.958-.958z\" class=\"tribe-common-c-svgicon__svg-fill\"\/>\n<\/svg>\n\t\t<\/button>\n\t\t<div\n\tclass=\"tribe-events-c-view-selector__content\"\n\tid=\"tribe-events-view-selector-content\"\n\tdata-js=\"tribe-events-view-selector-list-container\"\n>\n\t<ul class=\"tribe-events-c-view-selector__list\">\n\t\t\t\t\t<li\n\t class=\"tribe-events-c-view-selector__list-item tribe-events-c-view-selector__list-item--list tribe-events-c-view-selector__list-item--active\" >\n\t<a\n\t\thref=\"https:\/\/academy.vg\/fr\/\u00e9v\u00e9nements\/liste\/?shortcode=4628ae31\"\n\t\tclass=\"tribe-events-c-view-selector__list-item-link\"\n\t\tdata-js=\"tribe-events-view-link\"\n\t\taria-label=\"Display \u00c9v\u00e8nements in Liste View\"\n\t\t\t\taria-current=\"true\"\n\t\t\t>\n\t\t<span class=\"tribe-events-c-view-selector__list-item-icon\">\n\t\t\t<svg\n\t class=\"tribe-common-c-svgicon tribe-common-c-svgicon--list tribe-events-c-view-selector__list-item-icon-svg\" \taria-hidden=\"true\"\n\tviewBox=\"0 0 19 19\"\n\txmlns=\"http:\/\/www.w3.org\/2000\/svg\"\n>\n\t<path fill-rule=\"evenodd\" clip-rule=\"evenodd\" d=\"M.451.432V17.6c0 .238.163.432.364.432H18.12c.2 0 .364-.194.364-.432V.432c0-.239-.163-.432-.364-.432H.815c-.2 0-.364.193-.364.432zm.993.81h16.024V3.56H1.444V1.24zM17.468 3.56H1.444v13.227h16.024V3.56z\" class=\"tribe-common-c-svgicon__svg-fill\"\/>\n\t<g clip-path=\"url(#tribe-events-c-view-selector__list-item-icon-svg-0)\" class=\"tribe-common-c-svgicon__svg-fill\">\n\t\t<path fill-rule=\"evenodd\" clip-rule=\"evenodd\" d=\"M11.831 4.912v1.825c0 .504.409.913.913.913h1.825a.913.913 0 00.912-.913V4.912A.913.913 0 0014.57 4h-1.825a.912.912 0 00-.913.912z\"\/>\n\t\t<path d=\"M8.028 7.66a.449.449 0 00.446-.448v-.364c0-.246-.2-.448-.446-.448h-4.13a.449.449 0 00-.447.448v.364c0 .246.201.448.447.448h4.13zM9.797 5.26a.449.449 0 00.447-.448v-.364c0-.246-.201-.448-.447-.448h-5.9a.449.449 0 00-.446.448v.364c0 .246.201.448.447.448h5.9z\"\/>\n\t<\/g>\n\t<g clip-path=\"url(#tribe-events-c-view-selector__list-item-icon-svg-1)\" class=\"tribe-common-c-svgicon__svg-fill\">\n\t\t\t<path fill-rule=\"evenodd\" clip-rule=\"evenodd\" d=\"M11.831 10.912v1.825c0 .505.409.913.913.913h1.825a.913.913 0 00.912-.912v-1.825A.913.913 0 0014.57 10h-1.825a.912.912 0 00-.913.912z\"\/>\n\t\t<path d=\"M8.028 13.66a.449.449 0 00.446-.448v-.364c0-.246-.2-.448-.446-.448h-4.13a.449.449 0 00-.447.448v.364c0 .246.201.448.447.448h4.13zM9.797 11.26a.449.449 0 00.447-.448v-.364c0-.246-.201-.448-.447-.448h-5.9a.449.449 0 00-.446.448v.364c0 .246.201.448.447.448h5.9z\"\/>\n\t<\/g>\n\t<defs>\n\t\t<clipPath id=\"tribe-events-c-view-selector__list-item-icon-svg-0\">\n\t\t\t<path transform=\"translate(3.451 4)\" d=\"M0 0h13v4H0z\"\/>\n\t\t<\/clipPath>\n\t\t<clipPath id=\"tribe-events-c-view-selector__list-item-icon-svg-1\">\n\t\t\t<path transform=\"translate(3.451 10)\" d=\"M0 0h13v4H0z\"\/>\n\t\t<\/clipPath>\n\t<\/defs>\n<\/svg>\n\t\t<\/span>\n\t\t<span class=\"tribe-events-c-view-selector__list-item-text\">\n\t\t\tListe\t\t<\/span>\n\t<\/a>\n<\/li>\n\t\t\t\t\t<li\n\t class=\"tribe-events-c-view-selector__list-item tribe-events-c-view-selector__list-item--month\" >\n\t<a\n\t\thref=\"https:\/\/academy.vg\/fr\/\u00e9v\u00e9nements\/mois\/?shortcode=4628ae31\"\n\t\tclass=\"tribe-events-c-view-selector__list-item-link\"\n\t\tdata-js=\"tribe-events-view-link\"\n\t\taria-label=\"Display \u00c9v\u00e8nements in Mois View\"\n\t\t\t>\n\t\t<span class=\"tribe-events-c-view-selector__list-item-icon\">\n\t\t\t<svg\n\t class=\"tribe-common-c-svgicon tribe-common-c-svgicon--month tribe-events-c-view-selector__list-item-icon-svg\" \taria-hidden=\"true\"\n\tviewBox=\"0 0 18 19\"\n\txmlns=\"http:\/\/www.w3.org\/2000\/svg\"\n>\n\t<path fill-rule=\"evenodd\" clip-rule=\"evenodd\" d=\"M0 .991v17.04c0 .236.162.428.361.428h17.175c.2 0 .361-.192.361-.429V.991c0-.237-.162-.428-.361-.428H.36C.161.563 0 .754 0 .99zm.985.803H16.89v2.301H.985v-2.3zM16.89 5.223H.985v12H16.89v-12zM6.31 7.366v.857c0 .237.192.429.429.429h.857a.429.429 0 00.428-.429v-.857a.429.429 0 00-.428-.429H6.74a.429.429 0 00-.429.429zm3.429.857v-.857c0-.237.191-.429.428-.429h.857c.237 0 .429.192.429.429v.857a.429.429 0 01-.429.429h-.857a.429.429 0 01-.428-.429zm3.428-.857v.857c0 .237.192.429.429.429h.857a.429.429 0 00.428-.429v-.857a.429.429 0 00-.428-.429h-.857a.429.429 0 00-.429.429zm-6.857 4.286v-.858c0-.236.192-.428.429-.428h.857c.236 0 .428.192.428.428v.858a.429.429 0 01-.428.428H6.74a.429.429 0 01-.429-.428zm3.429-.858v.858c0 .236.191.428.428.428h.857a.429.429 0 00.429-.428v-.858a.429.429 0 00-.429-.428h-.857a.428.428 0 00-.428.428zm3.428.858v-.858c0-.236.192-.428.429-.428h.857c.236 0 .428.192.428.428v.858a.429.429 0 01-.428.428h-.857a.429.429 0 01-.429-.428zm-10.286-.858v.858c0 .236.192.428.429.428h.857a.429.429 0 00.429-.428v-.858a.429.429 0 00-.429-.428h-.857a.429.429 0 00-.429.428zm0 4.286v-.857c0-.237.192-.429.429-.429h.857c.237 0 .429.192.429.429v.857a.429.429 0 01-.429.429h-.857a.429.429 0 01-.429-.429zm3.429-.857v.857c0 .237.192.429.429.429h.857a.429.429 0 00.428-.429v-.857a.429.429 0 00-.428-.429H6.74a.429.429 0 00-.429.429zm3.429.857v-.857c0-.237.191-.429.428-.429h.857c.237 0 .429.192.429.429v.857a.429.429 0 01-.429.429h-.857a.429.429 0 01-.428-.429z\" class=\"tribe-common-c-svgicon__svg-fill\"\/>\n<\/svg>\n\t\t<\/span>\n\t\t<span class=\"tribe-events-c-view-selector__list-item-text\">\n\t\t\tMois\t\t<\/span>\n\t<\/a>\n<\/li>\n\t\t\t\t\t<li\n\t class=\"tribe-events-c-view-selector__list-item tribe-events-c-view-selector__list-item--day\" >\n\t<a\n\t\thref=\"https:\/\/academy.vg\/fr\/\u00e9v\u00e9nements\/aujourd\u2019hui\/?shortcode=4628ae31\"\n\t\tclass=\"tribe-events-c-view-selector__list-item-link\"\n\t\tdata-js=\"tribe-events-view-link\"\n\t\taria-label=\"Display \u00c9v\u00e8nements in Jour View\"\n\t\t\t>\n\t\t<span class=\"tribe-events-c-view-selector__list-item-icon\">\n\t\t\t<svg\n\t class=\"tribe-common-c-svgicon tribe-common-c-svgicon--day tribe-events-c-view-selector__list-item-icon-svg\" \taria-hidden=\"true\"\n\tviewBox=\"0 0 19 18\"\n\txmlns=\"http:\/\/www.w3.org\/2000\/svg\"\n>\n\t<path fill-rule=\"evenodd\" clip-rule=\"evenodd\" d=\"M.363 17.569V.43C.363.193.526 0 .726 0H18c.201 0 .364.193.364.431V17.57c0 .238-.163.431-.364.431H.726c-.2 0-.363-.193-.363-.431zm16.985-16.33H1.354v2.314h15.994V1.24zM1.354 4.688h15.994v12.07H1.354V4.687zm11.164 9.265v-1.498c0-.413.335-.748.748-.748h1.498c.413 0 .748.335.748.748v1.498a.749.749 0 01-.748.748h-1.498a.749.749 0 01-.748-.748z\" class=\"tribe-common-c-svgicon__svg-fill\"\/>\n<\/svg>\n\t\t<\/span>\n\t\t<span class=\"tribe-events-c-view-selector__list-item-text\">\n\t\t\tJour\t\t<\/span>\n\t<\/a>\n<\/li>\n\t\t\t\t\t<li\n\t class=\"tribe-events-c-view-selector__list-item tribe-events-c-view-selector__list-item--week\" >\n\t<a\n\t\thref=\"https:\/\/academy.vg\/fr\/\u00e9v\u00e9nements\/semaine\/?shortcode=4628ae31\"\n\t\tclass=\"tribe-events-c-view-selector__list-item-link\"\n\t\tdata-js=\"tribe-events-view-link\"\n\t\taria-label=\"Display \u00c9v\u00e8nements in Semaine View\"\n\t\t\t>\n\t\t<span class=\"tribe-events-c-view-selector__list-item-icon\">\n\t\t\t<svg\n\t class=\"tribe-common-c-svgicon tribe-common-c-svgicon--week tribe-events-c-view-selector__list-item-icon-svg\" \taria-hidden=\"true\"\n\tviewBox=\"0 0 19 18\"\n\txmlns=\"http:\/\/www.w3.org\/2000\/svg\"\n>\n\t<path fill-rule=\"evenodd\" clip-rule=\"evenodd\" d=\"M.363.431V17.57c0 .238.163.431.363.431H18c.201 0 .364-.193.364-.431V.43c0-.238-.163-.431-.364-.431H.726c-.2 0-.363.193-.363.431zm.99.808h15.995v2.314H1.354V1.24zm15.995 3.449H1.354v12.07h15.994V4.687zM6.71 10.29v.862c0 .239.193.431.431.431h.862a.431.431 0 00.431-.43v-.863a.431.431 0 00-.43-.43H7.14a.431.431 0 00-.43.43zm3.448.862v-.862c0-.238.193-.43.431-.43h.862c.238 0 .431.192.431.43v.862a.431.431 0 01-.43.431h-.863a.431.431 0 01-.43-.43zm3.449-.862v.862c0 .239.193.431.43.431h.863a.431.431 0 00.43-.43v-.863a.431.431 0 00-.43-.43h-.862a.431.431 0 00-.431.43zm-10.345.862v-.862c0-.238.193-.43.43-.43h.863c.238 0 .43.192.43.43v.862a.431.431 0 01-.43.431h-.862a.431.431 0 01-.431-.43z\" class=\"tribe-common-c-svgicon__svg-fill\"\/>\n<\/svg>\n\t\t<\/span>\n\t\t<span class=\"tribe-events-c-view-selector__list-item-text\">\n\t\t\tSemaine\t\t<\/span>\n\t<\/a>\n<\/li>\n\t\t\t<\/ul>\n<\/div>\n\t<\/div>\n<\/div>\n\n<\/div>\n\n\t<div class=\"tribe-events-c-top-bar tribe-events-header__top-bar\">\n\n\t<nav class=\"tribe-events-c-top-bar__nav tribe-common-a11y-hidden\" aria-label=\"Top \u00e9v\u00e8nements list pagination\">\n\t<ul class=\"tribe-events-c-top-bar__nav-list\">\n\t\t<li class=\"tribe-events-c-top-bar__nav-list-item\">\n\t<a\n\t\thref=\"https:\/\/academy.vg\/fr\/\u00e9v\u00e9nements\/liste\/?rest_route=%2Fwp%2Fv2%2Fpages%2F28523&#038;shortcode=4628ae31&#038;eventDisplay=past\"\n\t\tclass=\"tribe-common-c-btn-icon tribe-common-c-btn-icon--caret-left tribe-events-c-top-bar__nav-link tribe-events-c-top-bar__nav-link--prev\"\n\t\taria-label=\"\u00c9v\u00e8nements pr\u00e9c\u00e9dents\"\n\t\ttitle=\"\u00c9v\u00e8nements pr\u00e9c\u00e9dents\"\n\t\tdata-js=\"tribe-events-view-link\"\n\t>\n\t\t<svg\n\t class=\"tribe-common-c-svgicon tribe-common-c-svgicon--caret-left tribe-common-c-btn-icon__icon-svg tribe-events-c-top-bar__nav-link-icon-svg\" \taria-hidden=\"true\"\n\tviewBox=\"0 0 10 16\"\n\txmlns=\"http:\/\/www.w3.org\/2000\/svg\"\n>\n\t<path d=\"M9.7 14.4l-1.5 1.5L.3 8 8.2.1l1.5 1.5L3.3 8l6.4 6.4z\"\/>\n<\/svg>\n\t<\/a>\n<\/li>\n\n\t\t<li class=\"tribe-events-c-top-bar__nav-list-item\">\n\t<button\n\t\tclass=\"tribe-common-c-btn-icon tribe-common-c-btn-icon--caret-right tribe-events-c-top-bar__nav-link tribe-events-c-top-bar__nav-link--next\"\n\t\taria-label=\"\u00c9v\u00e8nements suivants\"\n\t\ttitle=\"\u00c9v\u00e8nements suivants\"\n\t\tdisabled\n\t>\n\t\t<svg\n\t class=\"tribe-common-c-svgicon tribe-common-c-svgicon--caret-right tribe-common-c-btn-icon__icon-svg tribe-events-c-top-bar__nav-link-icon-svg\" \taria-hidden=\"true\"\n\tviewBox=\"0 0 10 16\"\n\txmlns=\"http:\/\/www.w3.org\/2000\/svg\"\n>\n\t<path d=\"M.3 1.6L1.8.1 9.7 8l-7.9 7.9-1.5-1.5L6.7 8 .3 1.6z\"\/>\n<\/svg>\n\t<\/button>\n<\/li>\n\t<\/ul>\n<\/nav>\n\n\t<a\n\thref=\"https:\/\/academy.vg\/fr\/\u00e9v\u00e9nements\/liste\/?rest_route=%2Fwp%2Fv2%2Fpages%2F28523&#038;shortcode=4628ae31\"\n\tclass=\"tribe-common-c-btn-border-small tribe-events-c-top-bar__today-button tribe-common-a11y-hidden\"\n\tdata-js=\"tribe-events-view-link\"\n\taria-description=\"Cliquer pour s\u00e9lectionner la date du jour\"\n>\n\tAujourd\u2019hui<\/a>\n\n\t<div class=\"tribe-events-c-top-bar__datepicker\">\n\t<button\n\t\tclass=\"tribe-common-c-btn__clear tribe-common-h3 tribe-common-h--alt tribe-events-c-top-bar__datepicker-button\"\n\t\tdata-js=\"tribe-events-top-bar-datepicker-button\"\n\t\ttype=\"button\"\n\t\taria-description=\"Cliquer pour basculer le s\u00e9lectionneur de dates\"\n\t>\n\t\t<time\n\t\t\tdatetime=\"2026-04-27\"\n\t\t\tclass=\"tribe-events-c-top-bar__datepicker-time\"\n\t\t>\n\t\t\t\t\t\t\t<span class=\"tribe-events-c-top-bar__datepicker-mobile\">\n\t\t\t\t\t\u00c0 venir\t\t\t\t<\/span>\n\t\t\t\t<span class=\"tribe-events-c-top-bar__datepicker-desktop tribe-common-a11y-hidden\">\n\t\t\t\t\t\u00c0 venir\t\t\t\t<\/span>\n\t\t\t\t\t<\/time>\n\t\t\t\t<svg\n\t class=\"tribe-common-c-svgicon tribe-common-c-svgicon--caret-down tribe-events-c-top-bar__datepicker-button-icon-svg\" \taria-hidden=\"true\"\n\tviewBox=\"0 0 10 7\"\n\txmlns=\"http:\/\/www.w3.org\/2000\/svg\"\n>\n\t<path fill-rule=\"evenodd\" clip-rule=\"evenodd\" d=\"M1.008.609L5 4.6 8.992.61l.958.958L5 6.517.05 1.566l.958-.958z\" class=\"tribe-common-c-svgicon__svg-fill\"\/>\n<\/svg>\n\t<\/button>\n\t<label\n\t\tclass=\"tribe-events-c-top-bar__datepicker-label tribe-common-a11y-visual-hide\"\n\t\tfor=\"tribe-events-top-bar-date\"\n\t>\n\t\tS\u00e9lectionnez une date.\t<\/label>\n\t<input\n\t\ttype=\"text\"\n\t\tclass=\"tribe-events-c-top-bar__datepicker-input tribe-common-a11y-visual-hide\"\n\t\tdata-js=\"tribe-events-top-bar-date\"\n\t\tid=\"tribe-events-top-bar-date\"\n\t\tname=\"tribe-events-views[tribe-bar-date]\"\n\t\tvalue=\"27\/04\/2026\"\n\t\ttabindex=\"-1\"\n\t\tautocomplete=\"off\"\n\t\treadonly=\"readonly\"\n\t\/>\n\t<div class=\"tribe-events-c-top-bar__datepicker-container\" data-js=\"tribe-events-top-bar-datepicker-container\"><\/div>\n\t<template class=\"tribe-events-c-top-bar__datepicker-template-prev-icon\">\n\t\t<svg\n\t class=\"tribe-common-c-svgicon tribe-common-c-svgicon--caret-left tribe-events-c-top-bar__datepicker-nav-icon-svg\" \taria-hidden=\"true\"\n\tviewBox=\"0 0 10 16\"\n\txmlns=\"http:\/\/www.w3.org\/2000\/svg\"\n>\n\t<path d=\"M9.7 14.4l-1.5 1.5L.3 8 8.2.1l1.5 1.5L3.3 8l6.4 6.4z\"\/>\n<\/svg>\n\t<\/template>\n\t<template class=\"tribe-events-c-top-bar__datepicker-template-next-icon\">\n\t\t<svg\n\t class=\"tribe-common-c-svgicon tribe-common-c-svgicon--caret-right tribe-events-c-top-bar__datepicker-nav-icon-svg\" \taria-hidden=\"true\"\n\tviewBox=\"0 0 10 16\"\n\txmlns=\"http:\/\/www.w3.org\/2000\/svg\"\n>\n\t<path d=\"M.3 1.6L1.8.1 9.7 8l-7.9 7.9-1.5-1.5L6.7 8 .3 1.6z\"\/>\n<\/svg>\n\t<\/template>\n<\/div>\n\n\t\n\t<div class=\"tribe-events-c-top-bar__actions tribe-common-a11y-hidden\">\n\t<\/div>\n\n<\/div>\n<\/header>\n\n\t\t\n\t\t<ul\n\t\t\tclass=\"tribe-events-calendar-list\"\n\t\t\taria-label=\"\n\t\t\tList of \u00c9v\u00e8nements\t\t\t\"\n\t\t>\n\n\t\t\t\t\t\t\t\n\t\t\t\t<li class=\"tribe-events-calendar-list__month-separator\">\n\t<h3>\n\t\t<time\n\t\t\tclass=\"tribe-events-calendar-list__month-separator-text tribe-common-h7 tribe-common-h6--min-medium tribe-common-h--alt\"\n\t\t>\n\t\t\tavril 2026\t\t<\/time>\n\t<\/h3>\n<\/li>\n\n\t\t\t\t<li  class=\"tribe-common-g-row tribe-events-calendar-list__event-row\" >\n\n\t<div  class=\"tribe-events-calendar-list__event-date-tag tribe-common-g-col post-10000058 tribe_events type-tribe_events status-publish has-post-thumbnail hentry tribe_events_cat-conferences-et-rencontres cat_conferences-et-rencontres\"  >\n\t<time class=\"tribe-events-calendar-list__event-date-tag-datetime\" datetime=\"2026-04-27\" aria-hidden=\"true\">\n\t\t<span class=\"tribe-events-calendar-list__event-date-tag-weekday\">\n\t\t\tlun\t\t<\/span>\n\t\t<span class=\"tribe-events-calendar-list__event-date-tag-daynum tribe-common-h5 tribe-common-h4--min-medium\">\n\t\t\t27\t\t<\/span>\n\t<\/time>\n<\/div>\n\n\t<div class=\"tribe-events-calendar-list__event-wrapper tribe-common-g-col\">\n\t\t<article  class=\"tribe-events-calendar-list__event tribe-common-g-row tribe-common-g-row--gutters post-10000058 tribe_events type-tribe_events status-publish has-post-thumbnail hentry tribe_events_cat-conferences-et-rencontres cat_conferences-et-rencontres\" >\n\t\t\t<div class=\"tribe-events-calendar-list__event-featured-image-wrapper tribe-common-g-col\">\n\t<img\n\t\tclass=\"tribe-events-calendar-list__event-featured-image\"\n\t\tsrc=\"https:\/\/academy.vg\/wp-content\/uploads\/2026\/04\/Pont-de-Langlois-VGA.jpeg\"\n\t\t\t\t\tsrcset=\"https:\/\/academy.vg\/wp-content\/uploads\/2026\/04\/Pont-de-Langlois-VGA-200x117.jpeg 200w, https:\/\/academy.vg\/wp-content\/uploads\/2026\/04\/Pont-de-Langlois-VGA-300x175.jpeg 300w, https:\/\/academy.vg\/wp-content\/uploads\/2026\/04\/Pont-de-Langlois-VGA-400x233.jpeg 400w, https:\/\/academy.vg\/wp-content\/uploads\/2026\/04\/Pont-de-Langlois-VGA-600x350.jpeg 600w, https:\/\/academy.vg\/wp-content\/uploads\/2026\/04\/Pont-de-Langlois-VGA-768x448.jpeg 768w, https:\/\/academy.vg\/wp-content\/uploads\/2026\/04\/Pont-de-Langlois-VGA-800x466.jpeg 800w, https:\/\/academy.vg\/wp-content\/uploads\/2026\/04\/Pont-de-Langlois-VGA-1024x597.jpeg 1024w, https:\/\/academy.vg\/wp-content\/uploads\/2026\/04\/Pont-de-Langlois-VGA-1200x699.jpeg 1200w, https:\/\/academy.vg\/wp-content\/uploads\/2026\/04\/Pont-de-Langlois-VGA.jpeg 1280w\"\n\t\t\t\t\t\t\talt=\"\"\n\t\t\t\t\t\t\ttitle=\"Pont de Langlois VGA\"\n\t\t\t\tclass=\"tribe-events-calendar-list__event-featured-image\"\n\t\t\t\t\twidth=\"1280\"\n\t\t\theight=\"746\"\n\t\t\t\/>\n<\/div>\n\n\t\t\t<div class=\"tribe-events-calendar-list__event-details tribe-common-g-col\">\n\n\t\t\t\t<header class=\"tribe-events-calendar-list__event-header\">\n\t\t\t\t\t<h4 class=\"tribe-events-calendar-list__event-title tribe-common-h6 tribe-common-h4--min-medium\">\n\t<a\n\t\thref=\"https:\/\/academy.vg\/fr\/event\/au-plus-pres-de-van-gogh-photographies-inedites\/\"\n\t\ttitle=\"Au plus pr\u00e8s de Van Gogh, photographies in\u00e9dites\"\n\t\trel=\"bookmark\"\n\t\tclass=\"tribe-events-calendar-list__event-title-link tribe-common-anchor-thin\"\n\t>\n\t\tAu plus pr\u00e8s de Van Gogh, photographies in\u00e9dites\t<\/a>\n<\/h4>\n\t\t\t\t\t<div class=\"tribe-events-calendar-list__event-datetime-wrapper tribe-common-b2\">\n\t\t<time class=\"tribe-events-calendar-list__event-datetime\" datetime=\"2026-04-03\">\n\t\t<span class=\"tribe-event-date-start\">3 avril<\/span> - <span class=\"tribe-event-date-end\">20 juin<\/span>\t<\/time>\n\t<\/div>\n\t\t\t\t\t<address class=\"tribe-events-calendar-list__event-venue tribe-common-b2\">\n\t<span class=\"tribe-events-calendar-list__event-venue-title tribe-common-b2--bold\">\n\t\tVan Gogh Academy\t<\/span>\n\t<span class=\"tribe-events-calendar-list__event-venue-address\">\n\t\t1 rue Fran\u00e7ois Mitterrand, Auvers-sur-Oise, France\t<\/span>\n\t<\/address>\n\t\t\t\t\t\t\t\t\t<\/header>\n\n\t\t\t\t<div class=\"tribe-events-calendar-list__event-description tribe-common-b2 tribe-common-a11y-hidden\">\n\t<p> La Van Gogh Academy pr\u00e9sente pour la premi\u00e8re fois au monde un ensemble de photographies in\u00e9dites li\u00e9es \u00e0 la vie de Vincent van Gogh. Ces images, issues d\u2019albums constitu\u00e9s par le biographe et critique d\u2019art Gustave Coquiot, viennent tout r\u00e9cemment d\u2019\u00eatre d\u00e9couvertes puis int\u00e9gr\u00e9es aux collections de la Van Gogh Academy. Un accrochage d\u2019\u0153uvres  [...]<\/p><\/div>\n\t\t\t\t\n\t\t\t<\/div>\n\t\t<\/article>\n\t<\/div>\n\n<\/li>\n\n\t\t\t\t\t\t\t\n\t\t\t\t<li class=\"tribe-events-calendar-list__month-separator\">\n\t<h3>\n\t\t<time\n\t\t\tclass=\"tribe-events-calendar-list__month-separator-text tribe-common-h7 tribe-common-h6--min-medium tribe-common-h--alt\"\n\t\t>\n\t\t\tmai 2026\t\t<\/time>\n\t<\/h3>\n<\/li>\n\n\t\t\t\t<li  class=\"tribe-common-g-row tribe-events-calendar-list__event-row\" >\n\n\t<div  class=\"tribe-events-calendar-list__event-date-tag tribe-common-g-col post-10000047 tribe_events type-tribe_events status-publish has-post-thumbnail hentry tribe_events_cat-balades-culturelles cat_balades-culturelles\"  >\n\t<time class=\"tribe-events-calendar-list__event-date-tag-datetime\" datetime=\"2026-05-09\" aria-hidden=\"true\">\n\t\t<span class=\"tribe-events-calendar-list__event-date-tag-weekday\">\n\t\t\tsam\t\t<\/span>\n\t\t<span class=\"tribe-events-calendar-list__event-date-tag-daynum tribe-common-h5 tribe-common-h4--min-medium\">\n\t\t\t9\t\t<\/span>\n\t<\/time>\n<\/div>\n\n\t<div class=\"tribe-events-calendar-list__event-wrapper tribe-common-g-col\">\n\t\t<article  class=\"tribe-events-calendar-list__event tribe-common-g-row tribe-common-g-row--gutters post-10000047 tribe_events type-tribe_events status-publish has-post-thumbnail hentry tribe_events_cat-balades-culturelles cat_balades-culturelles\" >\n\t\t\t<div class=\"tribe-events-calendar-list__event-featured-image-wrapper tribe-common-g-col\">\n\t<img\n\t\tclass=\"tribe-events-calendar-list__event-featured-image\"\n\t\tsrc=\"https:\/\/academy.vg\/wp-content\/uploads\/2026\/04\/visuel-ballades-culturelles-AVG.jpeg\"\n\t\t\t\t\tsrcset=\"https:\/\/academy.vg\/wp-content\/uploads\/2026\/04\/visuel-ballades-culturelles-AVG-200x150.jpeg 200w, https:\/\/academy.vg\/wp-content\/uploads\/2026\/04\/visuel-ballades-culturelles-AVG-300x225.jpeg 300w, https:\/\/academy.vg\/wp-content\/uploads\/2026\/04\/visuel-ballades-culturelles-AVG-400x300.jpeg 400w, https:\/\/academy.vg\/wp-content\/uploads\/2026\/04\/visuel-ballades-culturelles-AVG-600x450.jpeg 600w, https:\/\/academy.vg\/wp-content\/uploads\/2026\/04\/visuel-ballades-culturelles-AVG-768x576.jpeg 768w, https:\/\/academy.vg\/wp-content\/uploads\/2026\/04\/visuel-ballades-culturelles-AVG-800x600.jpeg 800w, https:\/\/academy.vg\/wp-content\/uploads\/2026\/04\/visuel-ballades-culturelles-AVG-1024x768.jpeg 1024w, https:\/\/academy.vg\/wp-content\/uploads\/2026\/04\/visuel-ballades-culturelles-AVG-1200x900.jpeg 1200w, https:\/\/academy.vg\/wp-content\/uploads\/2026\/04\/visuel-ballades-culturelles-AVG.jpeg 1280w\"\n\t\t\t\t\t\t\talt=\"\"\n\t\t\t\t\t\t\ttitle=\"visuel-ballades-culturelles-AVG\"\n\t\t\t\tclass=\"tribe-events-calendar-list__event-featured-image\"\n\t\t\t\t\twidth=\"1280\"\n\t\t\theight=\"960\"\n\t\t\t\/>\n<\/div>\n\n\t\t\t<div class=\"tribe-events-calendar-list__event-details tribe-common-g-col\">\n\n\t\t\t\t<header class=\"tribe-events-calendar-list__event-header\">\n\t\t\t\t\t<h4 class=\"tribe-events-calendar-list__event-title tribe-common-h6 tribe-common-h4--min-medium\">\n\t<a\n\t\thref=\"https:\/\/academy.vg\/fr\/event\/balade-culturelle-3\/\"\n\t\ttitle=\"Balade culturelle\"\n\t\trel=\"bookmark\"\n\t\tclass=\"tribe-events-calendar-list__event-title-link tribe-common-anchor-thin\"\n\t>\n\t\tBalade culturelle\t<\/a>\n<\/h4>\n\t\t\t\t\t<div class=\"tribe-events-calendar-list__event-datetime-wrapper tribe-common-b2\">\n\t\t<time class=\"tribe-events-calendar-list__event-datetime\" datetime=\"2026-05-09\">\n\t\t<span class=\"tribe-event-date-start\">9 mai \u00e0 10:00<\/span> - <span class=\"tribe-event-time\">12:00<\/span>\t<\/time>\n\t<\/div>\n\t\t\t\t\t<address class=\"tribe-events-calendar-list__event-venue tribe-common-b2\">\n\t<span class=\"tribe-events-calendar-list__event-venue-title tribe-common-b2--bold\">\n\t\tVan Gogh Academy\t<\/span>\n\t<span class=\"tribe-events-calendar-list__event-venue-address\">\n\t\t1 rue Fran\u00e7ois Mitterrand, Auvers-sur-Oise, France\t<\/span>\n\t<\/address>\n\t\t\t\t\t\t\t\t\t<\/header>\n\n\t\t\t\t<div class=\"tribe-events-calendar-list__event-description tribe-common-b2 tribe-common-a11y-hidden\">\n\t<p> \u00c0 partir des recherches de Wouter van der Veen, les balades culturelles de la Van Gogh Academy vous proposent une lecture \u00e0 la fois accessible et approfondie des paysages et des lieux peints par Vincent van Gogh \u00e0 Auvers. Au fil du parcours, red\u00e9couvrez le territoire \u00e0 travers le regard du peintre, en reliant  [...]<\/p><\/div>\n\t\t\t\t<div class=\"tribe-events-c-small-cta tribe-common-b3 tribe-events-calendar-list__event-cost\">\n\t\t\t<a\n\t\t\thref=\"https:\/\/academy.vg\/fr\/event\/balade-culturelle-3\/#rsvp-now\"\n\t\t\tclass=\"tribe-events-c-small-cta__link tribe-common-cta tribe-common-cta--thin-alt\"\n\t\t>\n\t\t\tR\u00e9server\t\t<\/a>\n\t\t\t<span class=\"tribe-events-c-small-cta__price\">\n\t\tGratuit\t<\/span>\n\t<\/div>\n\n\t\t\t<\/div>\n\t\t<\/article>\n\t<\/div>\n\n<\/li>\n\n\t\t\t\t\t\t\t\n\t\t\t\t\n\t\t\t\t<li  class=\"tribe-common-g-row tribe-events-calendar-list__event-row\" >\n\n\t<div  class=\"tribe-events-calendar-list__event-date-tag tribe-common-g-col post-10000048 tribe_events type-tribe_events status-publish has-post-thumbnail hentry tribe_events_cat-balades-culturelles cat_balades-culturelles\"  >\n\t<time class=\"tribe-events-calendar-list__event-date-tag-datetime\" datetime=\"2026-05-23\" aria-hidden=\"true\">\n\t\t<span class=\"tribe-events-calendar-list__event-date-tag-weekday\">\n\t\t\tsam\t\t<\/span>\n\t\t<span class=\"tribe-events-calendar-list__event-date-tag-daynum tribe-common-h5 tribe-common-h4--min-medium\">\n\t\t\t23\t\t<\/span>\n\t<\/time>\n<\/div>\n\n\t<div class=\"tribe-events-calendar-list__event-wrapper tribe-common-g-col\">\n\t\t<article  class=\"tribe-events-calendar-list__event tribe-common-g-row tribe-common-g-row--gutters post-10000048 tribe_events type-tribe_events status-publish has-post-thumbnail hentry tribe_events_cat-balades-culturelles cat_balades-culturelles\" >\n\t\t\t<div class=\"tribe-events-calendar-list__event-featured-image-wrapper tribe-common-g-col\">\n\t<img\n\t\tclass=\"tribe-events-calendar-list__event-featured-image\"\n\t\tsrc=\"https:\/\/academy.vg\/wp-content\/uploads\/2026\/04\/visuel-ballades-culturelles-AVG.jpeg\"\n\t\t\t\t\tsrcset=\"https:\/\/academy.vg\/wp-content\/uploads\/2026\/04\/visuel-ballades-culturelles-AVG-200x150.jpeg 200w, https:\/\/academy.vg\/wp-content\/uploads\/2026\/04\/visuel-ballades-culturelles-AVG-300x225.jpeg 300w, https:\/\/academy.vg\/wp-content\/uploads\/2026\/04\/visuel-ballades-culturelles-AVG-400x300.jpeg 400w, https:\/\/academy.vg\/wp-content\/uploads\/2026\/04\/visuel-ballades-culturelles-AVG-600x450.jpeg 600w, https:\/\/academy.vg\/wp-content\/uploads\/2026\/04\/visuel-ballades-culturelles-AVG-768x576.jpeg 768w, https:\/\/academy.vg\/wp-content\/uploads\/2026\/04\/visuel-ballades-culturelles-AVG-800x600.jpeg 800w, https:\/\/academy.vg\/wp-content\/uploads\/2026\/04\/visuel-ballades-culturelles-AVG-1024x768.jpeg 1024w, https:\/\/academy.vg\/wp-content\/uploads\/2026\/04\/visuel-ballades-culturelles-AVG-1200x900.jpeg 1200w, https:\/\/academy.vg\/wp-content\/uploads\/2026\/04\/visuel-ballades-culturelles-AVG.jpeg 1280w\"\n\t\t\t\t\t\t\talt=\"\"\n\t\t\t\t\t\t\ttitle=\"visuel-ballades-culturelles-AVG\"\n\t\t\t\tclass=\"tribe-events-calendar-list__event-featured-image\"\n\t\t\t\t\twidth=\"1280\"\n\t\t\theight=\"960\"\n\t\t\t\/>\n<\/div>\n\n\t\t\t<div class=\"tribe-events-calendar-list__event-details tribe-common-g-col\">\n\n\t\t\t\t<header class=\"tribe-events-calendar-list__event-header\">\n\t\t\t\t\t<h4 class=\"tribe-events-calendar-list__event-title tribe-common-h6 tribe-common-h4--min-medium\">\n\t<a\n\t\thref=\"https:\/\/academy.vg\/fr\/event\/balade-culturelle-4\/\"\n\t\ttitle=\"Balade culturelle\"\n\t\trel=\"bookmark\"\n\t\tclass=\"tribe-events-calendar-list__event-title-link tribe-common-anchor-thin\"\n\t>\n\t\tBalade culturelle\t<\/a>\n<\/h4>\n\t\t\t\t\t<div class=\"tribe-events-calendar-list__event-datetime-wrapper tribe-common-b2\">\n\t\t<time class=\"tribe-events-calendar-list__event-datetime\" datetime=\"2026-05-23\">\n\t\t<span class=\"tribe-event-date-start\">23 mai \u00e0 10:00<\/span> - <span class=\"tribe-event-time\">12:00<\/span>\t<\/time>\n\t<\/div>\n\t\t\t\t\t<address class=\"tribe-events-calendar-list__event-venue tribe-common-b2\">\n\t<span class=\"tribe-events-calendar-list__event-venue-title tribe-common-b2--bold\">\n\t\tVan Gogh Academy\t<\/span>\n\t<span class=\"tribe-events-calendar-list__event-venue-address\">\n\t\t1 rue Fran\u00e7ois Mitterrand, Auvers-sur-Oise, France\t<\/span>\n\t<\/address>\n\t\t\t\t\t\t\t\t\t<\/header>\n\n\t\t\t\t<div class=\"tribe-events-calendar-list__event-description tribe-common-b2 tribe-common-a11y-hidden\">\n\t<p> \u00c0 partir des recherches de Wouter van der Veen, les balades culturelles de la Van Gogh Academy vous proposent une lecture \u00e0 la fois accessible et approfondie des paysages et des lieux peints par Vincent van Gogh \u00e0 Auvers. Au fil du parcours, red\u00e9couvrez le territoire \u00e0 travers le regard du peintre, en reliant  [...]<\/p><\/div>\n\t\t\t\t<div class=\"tribe-events-c-small-cta tribe-common-b3 tribe-events-calendar-list__event-cost\">\n\t\t\t<a\n\t\t\thref=\"https:\/\/academy.vg\/fr\/event\/balade-culturelle-4\/#rsvp-now\"\n\t\t\tclass=\"tribe-events-c-small-cta__link tribe-common-cta tribe-common-cta--thin-alt\"\n\t\t>\n\t\t\tR\u00e9server\t\t<\/a>\n\t\t\t<span class=\"tribe-events-c-small-cta__price\">\n\t\tGratuit\t<\/span>\n\t<\/div>\n\n\t\t\t<\/div>\n\t\t<\/article>\n\t<\/div>\n\n<\/li>\n\n\t\t\t\t\t\t\t\n\t\t\t\t\n\t\t\t\t<li  class=\"tribe-common-g-row tribe-events-calendar-list__event-row\" >\n\n\t<div  class=\"tribe-events-calendar-list__event-date-tag tribe-common-g-col post-10000062 tribe_events type-tribe_events status-publish has-post-thumbnail hentry tribe_events_cat-aperitifs-culturels cat_aperitifs-culturels\"  >\n\t<time class=\"tribe-events-calendar-list__event-date-tag-datetime\" datetime=\"2026-05-28\" aria-hidden=\"true\">\n\t\t<span class=\"tribe-events-calendar-list__event-date-tag-weekday\">\n\t\t\tjeu\t\t<\/span>\n\t\t<span class=\"tribe-events-calendar-list__event-date-tag-daynum tribe-common-h5 tribe-common-h4--min-medium\">\n\t\t\t28\t\t<\/span>\n\t<\/time>\n<\/div>\n\n\t<div class=\"tribe-events-calendar-list__event-wrapper tribe-common-g-col\">\n\t\t<article  class=\"tribe-events-calendar-list__event tribe-common-g-row tribe-common-g-row--gutters post-10000062 tribe_events type-tribe_events status-publish has-post-thumbnail hentry tribe_events_cat-aperitifs-culturels cat_aperitifs-culturels\" >\n\t\t\t<div class=\"tribe-events-calendar-list__event-featured-image-wrapper tribe-common-g-col\">\n\t<img\n\t\tclass=\"tribe-events-calendar-list__event-featured-image\"\n\t\tsrc=\"https:\/\/academy.vg\/wp-content\/uploads\/2026\/04\/apero-culturels.jpg\"\n\t\t\t\t\tsrcset=\"https:\/\/academy.vg\/wp-content\/uploads\/2026\/04\/apero-culturels-200x133.jpg 200w, https:\/\/academy.vg\/wp-content\/uploads\/2026\/04\/apero-culturels-300x200.jpg 300w, https:\/\/academy.vg\/wp-content\/uploads\/2026\/04\/apero-culturels-400x267.jpg 400w, https:\/\/academy.vg\/wp-content\/uploads\/2026\/04\/apero-culturels-600x400.jpg 600w, https:\/\/academy.vg\/wp-content\/uploads\/2026\/04\/apero-culturels-768x512.jpg 768w, https:\/\/academy.vg\/wp-content\/uploads\/2026\/04\/apero-culturels-800x533.jpg 800w, https:\/\/academy.vg\/wp-content\/uploads\/2026\/04\/apero-culturels-1024x683.jpg 1024w, https:\/\/academy.vg\/wp-content\/uploads\/2026\/04\/apero-culturels.jpg 1080w\"\n\t\t\t\t\t\t\talt=\"\"\n\t\t\t\t\t\t\ttitle=\"apero-culturels\"\n\t\t\t\tclass=\"tribe-events-calendar-list__event-featured-image\"\n\t\t\t\t\twidth=\"1080\"\n\t\t\theight=\"720\"\n\t\t\t\/>\n<\/div>\n\n\t\t\t<div class=\"tribe-events-calendar-list__event-details tribe-common-g-col\">\n\n\t\t\t\t<header class=\"tribe-events-calendar-list__event-header\">\n\t\t\t\t\t<h4 class=\"tribe-events-calendar-list__event-title tribe-common-h6 tribe-common-h4--min-medium\">\n\t<a\n\t\thref=\"https:\/\/academy.vg\/fr\/event\/aperitif-culturel-2\/\"\n\t\ttitle=\"Ap\u00e9ritif culturel\"\n\t\trel=\"bookmark\"\n\t\tclass=\"tribe-events-calendar-list__event-title-link tribe-common-anchor-thin\"\n\t>\n\t\tAp\u00e9ritif culturel\t<\/a>\n<\/h4>\n\t\t\t\t\t<div class=\"tribe-events-calendar-list__event-datetime-wrapper tribe-common-b2\">\n\t\t<time class=\"tribe-events-calendar-list__event-datetime\" datetime=\"2026-05-28\">\n\t\t<span class=\"tribe-event-date-start\">28 mai \u00e0 18:00<\/span> - <span class=\"tribe-event-time\">20:00<\/span>\t<\/time>\n\t<\/div>\n\t\t\t\t\t\t\t\t\t\t\t\t\t\t<\/header>\n\n\t\t\t\t<div class=\"tribe-events-calendar-list__event-description tribe-common-b2 tribe-common-a11y-hidden\">\n\t<p> La Van Gogh Academy propose des temps d\u2019\u00e9change informels autour des \u0153uvres et de l\u2019univers de Vincent van Gogh. Dans une atmosph\u00e8re chaleureuse, ces rencontres invitent \u00e0 croiser les regards et \u00e0 approfondir notre compr\u00e9hension de Van Gogh, tout en offrant un acc\u00e8s privil\u00e9gi\u00e9 \u00e0 nos derni\u00e8res acquisitions. - Gratuit, sans r\u00e9servation.    [...]<\/p><\/div>\n\t\t\t\t\n\t\t\t<\/div>\n\t\t<\/article>\n\t<\/div>\n\n<\/li>\n\n\t\t\t\t\t\t\t\n\t\t\t\t<li class=\"tribe-events-calendar-list__month-separator\">\n\t<h3>\n\t\t<time\n\t\t\tclass=\"tribe-events-calendar-list__month-separator-text tribe-common-h7 tribe-common-h6--min-medium tribe-common-h--alt\"\n\t\t>\n\t\t\tjuin 2026\t\t<\/time>\n\t<\/h3>\n<\/li>\n\n\t\t\t\t<li  class=\"tribe-common-g-row tribe-events-calendar-list__event-row\" >\n\n\t<div  class=\"tribe-events-calendar-list__event-date-tag tribe-common-g-col post-10000064 tribe_events type-tribe_events status-publish has-post-thumbnail hentry tribe_events_cat-aperitifs-culturels cat_aperitifs-culturels\"  >\n\t<time class=\"tribe-events-calendar-list__event-date-tag-datetime\" datetime=\"2026-06-18\" aria-hidden=\"true\">\n\t\t<span class=\"tribe-events-calendar-list__event-date-tag-weekday\">\n\t\t\tjeu\t\t<\/span>\n\t\t<span class=\"tribe-events-calendar-list__event-date-tag-daynum tribe-common-h5 tribe-common-h4--min-medium\">\n\t\t\t18\t\t<\/span>\n\t<\/time>\n<\/div>\n\n\t<div class=\"tribe-events-calendar-list__event-wrapper tribe-common-g-col\">\n\t\t<article  class=\"tribe-events-calendar-list__event tribe-common-g-row tribe-common-g-row--gutters post-10000064 tribe_events type-tribe_events status-publish has-post-thumbnail hentry tribe_events_cat-aperitifs-culturels cat_aperitifs-culturels\" >\n\t\t\t<div class=\"tribe-events-calendar-list__event-featured-image-wrapper tribe-common-g-col\">\n\t<img\n\t\tclass=\"tribe-events-calendar-list__event-featured-image\"\n\t\tsrc=\"https:\/\/academy.vg\/wp-content\/uploads\/2026\/04\/apero-culturels.jpg\"\n\t\t\t\t\tsrcset=\"https:\/\/academy.vg\/wp-content\/uploads\/2026\/04\/apero-culturels-200x133.jpg 200w, https:\/\/academy.vg\/wp-content\/uploads\/2026\/04\/apero-culturels-300x200.jpg 300w, https:\/\/academy.vg\/wp-content\/uploads\/2026\/04\/apero-culturels-400x267.jpg 400w, https:\/\/academy.vg\/wp-content\/uploads\/2026\/04\/apero-culturels-600x400.jpg 600w, https:\/\/academy.vg\/wp-content\/uploads\/2026\/04\/apero-culturels-768x512.jpg 768w, https:\/\/academy.vg\/wp-content\/uploads\/2026\/04\/apero-culturels-800x533.jpg 800w, https:\/\/academy.vg\/wp-content\/uploads\/2026\/04\/apero-culturels-1024x683.jpg 1024w, https:\/\/academy.vg\/wp-content\/uploads\/2026\/04\/apero-culturels.jpg 1080w\"\n\t\t\t\t\t\t\talt=\"\"\n\t\t\t\t\t\t\ttitle=\"apero-culturels\"\n\t\t\t\tclass=\"tribe-events-calendar-list__event-featured-image\"\n\t\t\t\t\twidth=\"1080\"\n\t\t\theight=\"720\"\n\t\t\t\/>\n<\/div>\n\n\t\t\t<div class=\"tribe-events-calendar-list__event-details tribe-common-g-col\">\n\n\t\t\t\t<header class=\"tribe-events-calendar-list__event-header\">\n\t\t\t\t\t<h4 class=\"tribe-events-calendar-list__event-title tribe-common-h6 tribe-common-h4--min-medium\">\n\t<a\n\t\thref=\"https:\/\/academy.vg\/fr\/event\/aperitif-culturel-3\/\"\n\t\ttitle=\"Ap\u00e9ritif culturel\"\n\t\trel=\"bookmark\"\n\t\tclass=\"tribe-events-calendar-list__event-title-link tribe-common-anchor-thin\"\n\t>\n\t\tAp\u00e9ritif culturel\t<\/a>\n<\/h4>\n\t\t\t\t\t<div class=\"tribe-events-calendar-list__event-datetime-wrapper tribe-common-b2\">\n\t\t<time class=\"tribe-events-calendar-list__event-datetime\" datetime=\"2026-06-18\">\n\t\t<span class=\"tribe-event-date-start\">18 juin \u00e0 18:00<\/span> - <span class=\"tribe-event-time\">20:00<\/span>\t<\/time>\n\t<\/div>\n\t\t\t\t\t\t\t\t\t\t\t\t\t\t<\/header>\n\n\t\t\t\t<div class=\"tribe-events-calendar-list__event-description tribe-common-b2 tribe-common-a11y-hidden\">\n\t<p> La Van Gogh Academy propose des temps d\u2019\u00e9change informels autour des \u0153uvres et de l\u2019univers de Vincent van Gogh. Dans une atmosph\u00e8re chaleureuse, ces rencontres invitent \u00e0 croiser les regards et \u00e0 approfondir notre compr\u00e9hension de Van Gogh, tout en offrant un acc\u00e8s privil\u00e9gi\u00e9 \u00e0 nos derni\u00e8res acquisitions. - Gratuit, sans r\u00e9servation.    [...]<\/p><\/div>\n\t\t\t\t\n\t\t\t<\/div>\n\t\t<\/article>\n\t<\/div>\n\n<\/li>\n\n\t\t\t\t\t\t\t\n\t\t\t\t\n\t\t\t\t<li  class=\"tribe-common-g-row tribe-events-calendar-list__event-row\" >\n\n\t<div  class=\"tribe-events-calendar-list__event-date-tag tribe-common-g-col post-10000050 tribe_events type-tribe_events status-publish has-post-thumbnail hentry tribe_events_cat-balades-culturelles cat_balades-culturelles\"  >\n\t<time class=\"tribe-events-calendar-list__event-date-tag-datetime\" datetime=\"2026-06-20\" aria-hidden=\"true\">\n\t\t<span class=\"tribe-events-calendar-list__event-date-tag-weekday\">\n\t\t\tsam\t\t<\/span>\n\t\t<span class=\"tribe-events-calendar-list__event-date-tag-daynum tribe-common-h5 tribe-common-h4--min-medium\">\n\t\t\t20\t\t<\/span>\n\t<\/time>\n<\/div>\n\n\t<div class=\"tribe-events-calendar-list__event-wrapper tribe-common-g-col\">\n\t\t<article  class=\"tribe-events-calendar-list__event tribe-common-g-row tribe-common-g-row--gutters post-10000050 tribe_events type-tribe_events status-publish has-post-thumbnail hentry tribe_events_cat-balades-culturelles cat_balades-culturelles\" >\n\t\t\t<div class=\"tribe-events-calendar-list__event-featured-image-wrapper tribe-common-g-col\">\n\t<img\n\t\tclass=\"tribe-events-calendar-list__event-featured-image\"\n\t\tsrc=\"https:\/\/academy.vg\/wp-content\/uploads\/2026\/04\/visuel-ballades-culturelles-AVG.jpeg\"\n\t\t\t\t\tsrcset=\"https:\/\/academy.vg\/wp-content\/uploads\/2026\/04\/visuel-ballades-culturelles-AVG-200x150.jpeg 200w, https:\/\/academy.vg\/wp-content\/uploads\/2026\/04\/visuel-ballades-culturelles-AVG-300x225.jpeg 300w, https:\/\/academy.vg\/wp-content\/uploads\/2026\/04\/visuel-ballades-culturelles-AVG-400x300.jpeg 400w, https:\/\/academy.vg\/wp-content\/uploads\/2026\/04\/visuel-ballades-culturelles-AVG-600x450.jpeg 600w, https:\/\/academy.vg\/wp-content\/uploads\/2026\/04\/visuel-ballades-culturelles-AVG-768x576.jpeg 768w, https:\/\/academy.vg\/wp-content\/uploads\/2026\/04\/visuel-ballades-culturelles-AVG-800x600.jpeg 800w, https:\/\/academy.vg\/wp-content\/uploads\/2026\/04\/visuel-ballades-culturelles-AVG-1024x768.jpeg 1024w, https:\/\/academy.vg\/wp-content\/uploads\/2026\/04\/visuel-ballades-culturelles-AVG-1200x900.jpeg 1200w, https:\/\/academy.vg\/wp-content\/uploads\/2026\/04\/visuel-ballades-culturelles-AVG.jpeg 1280w\"\n\t\t\t\t\t\t\talt=\"\"\n\t\t\t\t\t\t\ttitle=\"visuel-ballades-culturelles-AVG\"\n\t\t\t\tclass=\"tribe-events-calendar-list__event-featured-image\"\n\t\t\t\t\twidth=\"1280\"\n\t\t\theight=\"960\"\n\t\t\t\/>\n<\/div>\n\n\t\t\t<div class=\"tribe-events-calendar-list__event-details tribe-common-g-col\">\n\n\t\t\t\t<header class=\"tribe-events-calendar-list__event-header\">\n\t\t\t\t\t<h4 class=\"tribe-events-calendar-list__event-title tribe-common-h6 tribe-common-h4--min-medium\">\n\t<a\n\t\thref=\"https:\/\/academy.vg\/fr\/event\/balade-culturelle-6\/\"\n\t\ttitle=\"Balade culturelle\"\n\t\trel=\"bookmark\"\n\t\tclass=\"tribe-events-calendar-list__event-title-link tribe-common-anchor-thin\"\n\t>\n\t\tBalade culturelle\t<\/a>\n<\/h4>\n\t\t\t\t\t<div class=\"tribe-events-calendar-list__event-datetime-wrapper tribe-common-b2\">\n\t\t<time class=\"tribe-events-calendar-list__event-datetime\" datetime=\"2026-06-20\">\n\t\t<span class=\"tribe-event-date-start\">20 juin \u00e0 10:00<\/span> - <span class=\"tribe-event-time\">12:00<\/span>\t<\/time>\n\t<\/div>\n\t\t\t\t\t<address class=\"tribe-events-calendar-list__event-venue tribe-common-b2\">\n\t<span class=\"tribe-events-calendar-list__event-venue-title tribe-common-b2--bold\">\n\t\tVan Gogh Academy\t<\/span>\n\t<span class=\"tribe-events-calendar-list__event-venue-address\">\n\t\t1 rue Fran\u00e7ois Mitterrand, Auvers-sur-Oise, France\t<\/span>\n\t<\/address>\n\t\t\t\t\t\t\t\t\t<\/header>\n\n\t\t\t\t<div class=\"tribe-events-calendar-list__event-description tribe-common-b2 tribe-common-a11y-hidden\">\n\t<p> \u00c0 partir des recherches de Wouter van der Veen, les balades culturelles de la Van Gogh Academy vous proposent une lecture \u00e0 la fois accessible et approfondie des paysages et des lieux peints par Vincent van Gogh \u00e0 Auvers. Au fil du parcours, red\u00e9couvrez le territoire \u00e0 travers le regard du peintre, en reliant  [...]<\/p><\/div>\n\t\t\t\t<div class=\"tribe-events-c-small-cta tribe-common-b3 tribe-events-calendar-list__event-cost\">\n\t\t\t<a\n\t\t\thref=\"https:\/\/academy.vg\/fr\/event\/balade-culturelle-6\/#rsvp-now\"\n\t\t\tclass=\"tribe-events-c-small-cta__link tribe-common-cta tribe-common-cta--thin-alt\"\n\t\t>\n\t\t\tR\u00e9server\t\t<\/a>\n\t\t\t<span class=\"tribe-events-c-small-cta__price\">\n\t\tGratuit\t<\/span>\n\t<\/div>\n\n\t\t\t<\/div>\n\t\t<\/article>\n\t<\/div>\n\n<\/li>\n\n\t\t\t\t\t\t\t\n\t\t\t\t<li class=\"tribe-events-calendar-list__month-separator\">\n\t<h3>\n\t\t<time\n\t\t\tclass=\"tribe-events-calendar-list__month-separator-text tribe-common-h7 tribe-common-h6--min-medium tribe-common-h--alt\"\n\t\t>\n\t\t\tjuillet 2026\t\t<\/time>\n\t<\/h3>\n<\/li>\n\n\t\t\t\t<li  class=\"tribe-common-g-row tribe-events-calendar-list__event-row\" >\n\n\t<div  class=\"tribe-events-calendar-list__event-date-tag tribe-common-g-col post-10000051 tribe_events type-tribe_events status-publish has-post-thumbnail hentry tribe_events_cat-balades-culturelles cat_balades-culturelles\"  >\n\t<time class=\"tribe-events-calendar-list__event-date-tag-datetime\" datetime=\"2026-07-11\" aria-hidden=\"true\">\n\t\t<span class=\"tribe-events-calendar-list__event-date-tag-weekday\">\n\t\t\tsam\t\t<\/span>\n\t\t<span class=\"tribe-events-calendar-list__event-date-tag-daynum tribe-common-h5 tribe-common-h4--min-medium\">\n\t\t\t11\t\t<\/span>\n\t<\/time>\n<\/div>\n\n\t<div class=\"tribe-events-calendar-list__event-wrapper tribe-common-g-col\">\n\t\t<article  class=\"tribe-events-calendar-list__event tribe-common-g-row tribe-common-g-row--gutters post-10000051 tribe_events type-tribe_events status-publish has-post-thumbnail hentry tribe_events_cat-balades-culturelles cat_balades-culturelles\" >\n\t\t\t<div class=\"tribe-events-calendar-list__event-featured-image-wrapper tribe-common-g-col\">\n\t<img\n\t\tclass=\"tribe-events-calendar-list__event-featured-image\"\n\t\tsrc=\"https:\/\/academy.vg\/wp-content\/uploads\/2026\/04\/visuel-ballades-culturelles-AVG.jpeg\"\n\t\t\t\t\tsrcset=\"https:\/\/academy.vg\/wp-content\/uploads\/2026\/04\/visuel-ballades-culturelles-AVG-200x150.jpeg 200w, https:\/\/academy.vg\/wp-content\/uploads\/2026\/04\/visuel-ballades-culturelles-AVG-300x225.jpeg 300w, https:\/\/academy.vg\/wp-content\/uploads\/2026\/04\/visuel-ballades-culturelles-AVG-400x300.jpeg 400w, https:\/\/academy.vg\/wp-content\/uploads\/2026\/04\/visuel-ballades-culturelles-AVG-600x450.jpeg 600w, https:\/\/academy.vg\/wp-content\/uploads\/2026\/04\/visuel-ballades-culturelles-AVG-768x576.jpeg 768w, https:\/\/academy.vg\/wp-content\/uploads\/2026\/04\/visuel-ballades-culturelles-AVG-800x600.jpeg 800w, https:\/\/academy.vg\/wp-content\/uploads\/2026\/04\/visuel-ballades-culturelles-AVG-1024x768.jpeg 1024w, https:\/\/academy.vg\/wp-content\/uploads\/2026\/04\/visuel-ballades-culturelles-AVG-1200x900.jpeg 1200w, https:\/\/academy.vg\/wp-content\/uploads\/2026\/04\/visuel-ballades-culturelles-AVG.jpeg 1280w\"\n\t\t\t\t\t\t\talt=\"\"\n\t\t\t\t\t\t\ttitle=\"visuel-ballades-culturelles-AVG\"\n\t\t\t\tclass=\"tribe-events-calendar-list__event-featured-image\"\n\t\t\t\t\twidth=\"1280\"\n\t\t\theight=\"960\"\n\t\t\t\/>\n<\/div>\n\n\t\t\t<div class=\"tribe-events-calendar-list__event-details tribe-common-g-col\">\n\n\t\t\t\t<header class=\"tribe-events-calendar-list__event-header\">\n\t\t\t\t\t<h4 class=\"tribe-events-calendar-list__event-title tribe-common-h6 tribe-common-h4--min-medium\">\n\t<a\n\t\thref=\"https:\/\/academy.vg\/fr\/event\/balade-culturelle-7\/\"\n\t\ttitle=\"Balade culturelle\"\n\t\trel=\"bookmark\"\n\t\tclass=\"tribe-events-calendar-list__event-title-link tribe-common-anchor-thin\"\n\t>\n\t\tBalade culturelle\t<\/a>\n<\/h4>\n\t\t\t\t\t<div class=\"tribe-events-calendar-list__event-datetime-wrapper tribe-common-b2\">\n\t\t<time class=\"tribe-events-calendar-list__event-datetime\" datetime=\"2026-07-11\">\n\t\t<span class=\"tribe-event-date-start\">11 juillet \u00e0 10:00<\/span> - <span class=\"tribe-event-time\">12:00<\/span>\t<\/time>\n\t<\/div>\n\t\t\t\t\t<address class=\"tribe-events-calendar-list__event-venue tribe-common-b2\">\n\t<span class=\"tribe-events-calendar-list__event-venue-title tribe-common-b2--bold\">\n\t\tVan Gogh Academy\t<\/span>\n\t<span class=\"tribe-events-calendar-list__event-venue-address\">\n\t\t1 rue Fran\u00e7ois Mitterrand, Auvers-sur-Oise, France\t<\/span>\n\t<\/address>\n\t\t\t\t\t\t\t\t\t<\/header>\n\n\t\t\t\t<div class=\"tribe-events-calendar-list__event-description tribe-common-b2 tribe-common-a11y-hidden\">\n\t<p> \u00c0 partir des recherches de Wouter van der Veen, les balades culturelles de la Van Gogh Academy vous proposent une lecture \u00e0 la fois accessible et approfondie des paysages et des lieux peints par Vincent van Gogh \u00e0 Auvers. Au fil du parcours, red\u00e9couvrez le territoire \u00e0 travers le regard du peintre, en reliant  [...]<\/p><\/div>\n\t\t\t\t<div class=\"tribe-events-c-small-cta tribe-common-b3 tribe-events-calendar-list__event-cost\">\n\t\t\t<a\n\t\t\thref=\"https:\/\/academy.vg\/fr\/event\/balade-culturelle-7\/#rsvp-now\"\n\t\t\tclass=\"tribe-events-c-small-cta__link tribe-common-cta tribe-common-cta--thin-alt\"\n\t\t>\n\t\t\tR\u00e9server\t\t<\/a>\n\t\t\t<span class=\"tribe-events-c-small-cta__price\">\n\t\tGratuit\t<\/span>\n\t<\/div>\n\n\t\t\t<\/div>\n\t\t<\/article>\n\t<\/div>\n\n<\/li>\n\n\t\t\t\n\t\t<\/ul>\n\n\t\t<nav class=\"tribe-events-calendar-list-nav tribe-events-c-nav\" aria-label=\"Bottom \u00e9v\u00e8nements list pagination\">\n\t<ul class=\"tribe-events-c-nav__list\">\n\t\t<li class=\"tribe-events-c-nav__list-item tribe-events-c-nav__list-item--prev\">\n\t<a\n\t\thref=\"https:\/\/academy.vg\/fr\/\u00e9v\u00e9nements\/liste\/?rest_route=%2Fwp%2Fv2%2Fpages%2F28523&#038;shortcode=4628ae31&#038;eventDisplay=past\"\n\t\trel=\"prev\"\n\t\tclass=\"tribe-events-c-nav__prev tribe-common-b2 tribe-common-b1--min-medium\"\n\t\tdata-js=\"tribe-events-view-link\"\n\t\taria-label=\"\u00c9v\u00e8nements pr\u00e9c\u00e9dents\"\n\t\ttitle=\"\u00c9v\u00e8nements pr\u00e9c\u00e9dents\"\n\t>\n\t\t<svg\n\t class=\"tribe-common-c-svgicon tribe-common-c-svgicon--caret-left tribe-events-c-nav__prev-icon-svg\" \taria-hidden=\"true\"\n\tviewBox=\"0 0 10 16\"\n\txmlns=\"http:\/\/www.w3.org\/2000\/svg\"\n>\n\t<path d=\"M9.7 14.4l-1.5 1.5L.3 8 8.2.1l1.5 1.5L3.3 8l6.4 6.4z\"\/>\n<\/svg>\n\t\t<span class=\"tribe-events-c-nav__prev-label\">\n\t\t\t<span class=\"tribe-events-c-nav__prev-label-plural tribe-common-a11y-visual-hide\">\u00c9v\u00e8nements<\/span> pr\u00e9c\u00e9dents\t\t<\/span>\n\t<\/a>\n<\/li>\n\n\t\t<li class=\"tribe-events-c-nav__list-item tribe-events-c-nav__list-item--today\">\n\t<a\n\t\thref=\"https:\/\/academy.vg\/fr\/\u00e9v\u00e9nements\/liste\/?rest_route=%2Fwp%2Fv2%2Fpages%2F28523&#038;shortcode=4628ae31\"\n\t\tclass=\"tribe-events-c-nav__today tribe-common-b2\"\n\t\tdata-js=\"tribe-events-view-link\"\n\t\taria-label=\"Cliquer pour s\u00e9lectionner la date du jour\"\n\t\ttitle=\"Cliquer pour s\u00e9lectionner la date du jour\"\n\t>\n\t\tAujourd\u2019hui\t<\/a>\n<\/li>\n\n\t\t<li class=\"tribe-events-c-nav__list-item tribe-events-c-nav__list-item--next\">\n\t<button\n\t\tclass=\"tribe-events-c-nav__next tribe-common-b2 tribe-common-b1--min-medium\"\n\t\taria-label=\"\u00c9v\u00e8nements suivants\"\n\t\ttitle=\"\u00c9v\u00e8nements suivants\"\n\t\tdisabled\n\t>\n\t\t<span class=\"tribe-events-c-nav__next-label\">\n\t\t\t<span class=\"tribe-events-c-nav__next-label-plural tribe-common-a11y-visual-hide\">\u00c9v\u00e8nements<\/span> suivants\t\t<\/span>\n\t\t<svg\n\t class=\"tribe-common-c-svgicon tribe-common-c-svgicon--caret-right tribe-events-c-nav__next-icon-svg\" \taria-hidden=\"true\"\n\tviewBox=\"0 0 10 16\"\n\txmlns=\"http:\/\/www.w3.org\/2000\/svg\"\n>\n\t<path d=\"M.3 1.6L1.8.1 9.7 8l-7.9 7.9-1.5-1.5L6.7 8 .3 1.6z\"\/>\n<\/svg>\n\t<\/button>\n<\/li>\n\t<\/ul>\n<\/nav>\n\n\t\t<div class=\"tribe-events-c-subscribe-dropdown__container\">\n\t<div class=\"tribe-events-c-subscribe-dropdown\">\n\t\t<div class=\"tribe-common-c-btn-border tribe-events-c-subscribe-dropdown__button\">\n\t\t\t<button\n\t\t\t\tclass=\"tribe-events-c-subscribe-dropdown__button-text tribe-common-c-btn--clear\"\n\t\t\t\taria-expanded=\"false\"\n\t\t\t\taria-controls=\"tribe-events-subscribe-dropdown-content\"\n\t\t\t\taria-label=\"\"\n\t\t\t>\n\t\t\t\tS\u2019abonner au calendrier\t\t\t<\/button>\n\t\t\t<svg\n\t class=\"tribe-common-c-svgicon tribe-common-c-svgicon--caret-down tribe-events-c-subscribe-dropdown__button-icon\" \taria-hidden=\"true\"\n\tviewBox=\"0 0 10 7\"\n\txmlns=\"http:\/\/www.w3.org\/2000\/svg\"\n>\n\t<path fill-rule=\"evenodd\" clip-rule=\"evenodd\" d=\"M1.008.609L5 4.6 8.992.61l.958.958L5 6.517.05 1.566l.958-.958z\" class=\"tribe-common-c-svgicon__svg-fill\"\/>\n<\/svg>\n\t\t<\/div>\n\t\t<div id=\"tribe-events-c-subscribe-dropdown-content\" class=\"tribe-events-c-subscribe-dropdown__content\">\n\t\t\t<ul class=\"tribe-events-c-subscribe-dropdown__list\">\n\t\t\t\t\t\t\t\t\t\n<li class=\"tribe-events-c-subscribe-dropdown__list-item tribe-events-c-subscribe-dropdown__list-item--gcal\">\n\t<a\n\t\thref=\"https:\/\/www.google.com\/calendar\/render?cid=webcal%3A%2F%2Facademy.vg%2Ffr%2F%3Fpost_type%3Dtribe_events%26ical%3D1%26eventDisplay%3Dlist\"\n\t\tclass=\"tribe-events-c-subscribe-dropdown__list-item-link\"\n\t\ttarget=\"_blank\"\n\t\trel=\"noopener noreferrer nofollow noindex\"\n\t>\n\t\tGoogle Agenda\t<\/a>\n<\/li>\n\t\t\t\t\t\t\t\t\t\n<li class=\"tribe-events-c-subscribe-dropdown__list-item tribe-events-c-subscribe-dropdown__list-item--ical\">\n\t<a\n\t\thref=\"webcal:\/\/academy.vg\/fr\/?post_type=tribe_events&#038;ical=1&#038;eventDisplay=list\"\n\t\tclass=\"tribe-events-c-subscribe-dropdown__list-item-link\"\n\t\ttarget=\"_blank\"\n\t\trel=\"noopener noreferrer nofollow noindex\"\n\t>\n\t\tiCalendar\t<\/a>\n<\/li>\n\t\t\t\t\t\t\t\t\t\n<li class=\"tribe-events-c-subscribe-dropdown__list-item tribe-events-c-subscribe-dropdown__list-item--outlook-365\">\n\t<a\n\t\thref=\"https:\/\/outlook.office.com\/owa?path=\/calendar\/action\/compose&#038;rru=addsubscription&#038;url=webcal%3A%2F%2Facademy.vg%2Ffr%2F%3Fpost_type%3Dtribe_events%26ical%3D1%26eventDisplay%3Dlist&#038;name=Van+Gogh+Academy+Prochains+\u00c9v\u00e8nements+\u2013+Van+Gogh+Academy\"\n\t\tclass=\"tribe-events-c-subscribe-dropdown__list-item-link\"\n\t\ttarget=\"_blank\"\n\t\trel=\"noopener noreferrer nofollow noindex\"\n\t>\n\t\tOutlook 365\t<\/a>\n<\/li>\n\t\t\t\t\t\t\t\t\t\n<li class=\"tribe-events-c-subscribe-dropdown__list-item tribe-events-c-subscribe-dropdown__list-item--outlook-live\">\n\t<a\n\t\thref=\"https:\/\/outlook.live.com\/owa?path=\/calendar\/action\/compose&#038;rru=addsubscription&#038;url=webcal%3A%2F%2Facademy.vg%2Ffr%2F%3Fpost_type%3Dtribe_events%26ical%3D1%26eventDisplay%3Dlist&#038;name=Van+Gogh+Academy+Prochains+\u00c9v\u00e8nements+\u2013+Van+Gogh+Academy\"\n\t\tclass=\"tribe-events-c-subscribe-dropdown__list-item-link\"\n\t\ttarget=\"_blank\"\n\t\trel=\"noopener noreferrer nofollow noindex\"\n\t>\n\t\tOutlook Live\t<\/a>\n<\/li>\n\t\t\t\t\t\t\t\t\t\n<li class=\"tribe-events-c-subscribe-dropdown__list-item tribe-events-c-subscribe-dropdown__list-item--ics\">\n\t<a\n\t\thref=\"https:\/\/academy.vg\/fr\/\u00e9v\u00e9nements\/liste\/?shortcode=4628ae31&#038;ical=1\"\n\t\tclass=\"tribe-events-c-subscribe-dropdown__list-item-link\"\n\t\ttarget=\"_blank\"\n\t\trel=\"noopener noreferrer nofollow noindex\"\n\t>\n\t\tExporter le fichier .ics\t<\/a>\n<\/li>\n\t\t\t\t\t\t\t\t\t\n<li class=\"tribe-events-c-subscribe-dropdown__list-item tribe-events-c-subscribe-dropdown__list-item--outlook-ics\">\n\t<a\n\t\thref=\"https:\/\/academy.vg\/fr\/\u00e9v\u00e9nements\/liste\/?shortcode=4628ae31&#038;outlook-ical=1#038;ical=1\"\n\t\tclass=\"tribe-events-c-subscribe-dropdown__list-item-link\"\n\t\ttarget=\"_blank\"\n\t\trel=\"noopener noreferrer nofollow noindex\"\n\t>\n\t\tExporter le fichier Outlook .ics\t<\/a>\n<\/li>\n\t\t\t\t\t\t\t<\/ul>\n\t\t<\/div>\n\t<\/div>\n<\/div>\n\n\t\t\n\t<\/section>\n<\/div>\n\n<script data-js='tribe-events-view-nonce-data' type='application\/json'>{\"tvn1\":\"809e0da2ac\",\"tvn2\":\"\"}<\/script><\/div><\/div><\/div><\/div>\n","protected":false},"excerpt":{"rendered":"","protected":false},"author":1,"featured_media":33417,"parent":0,"menu_order":0,"comment_status":"closed","ping_status":"closed","template":"","meta":{"give_campaign_id":0,"_price":"","_stock":"","_tribe_ticket_header":"","_tribe_default_ticket_provider":"","_tribe_ticket_capacity":"","_ticket_start_date":"","_ticket_end_date":"","_tribe_ticket_show_description":"","_tribe_ticket_show_not_going":false,"_tribe_ticket_use_global_stock":"","_tribe_ticket_global_stock_level":"","_global_stock_mode":"","_global_stock_cap":"","_tribe_rsvp_for_event":"","_tribe_ticket_going_count":"","_tribe_ticket_not_going_count":"","_tribe_tickets_list":"[]","_tribe_ticket_has_attendee_info_fields":false,"footnotes":""},"class_list":["post-28523","page","type-page","status-publish","has-post-thumbnail","hentry","cat_balades-culturelles"],"yoast_head":"<!-- This site is optimized with the Yoast SEO plugin v27.3 - https:\/\/yoast.com\/product\/yoast-seo-wordpress\/ -->\n<title>R\u00e9servez votre exp\u00e9rience - Van Gogh Academy<\/title>\n<meta name=\"robots\" content=\"index, follow, max-snippet:-1, max-image-preview:large, max-video-preview:-1\" \/>\n<link rel=\"canonical\" href=\"https:\/\/academy.vg\/fr\/reservez-votre-experience\/\" \/>\n<meta property=\"og:locale\" content=\"fr_FR\" \/>\n<meta property=\"og:type\" content=\"article\" \/>\n<meta property=\"og:title\" content=\"R\u00e9servez votre exp\u00e9rience - Van Gogh Academy\" \/>\n<meta property=\"og:url\" content=\"https:\/\/academy.vg\/fr\/reservez-votre-experience\/\" \/>\n<meta property=\"og:site_name\" content=\"Van Gogh Academy\" \/>\n<meta property=\"article:modified_time\" content=\"2026-02-20T18:22:12+00:00\" \/>\n<meta property=\"og:image\" content=\"https:\/\/academy.vg\/wp-content\/uploads\/2026\/02\/20260201_Site-VGA_01-2-1.jpg\" \/>\n\t<meta property=\"og:image:width\" content=\"1778\" \/>\n\t<meta property=\"og:image:height\" content=\"1137\" \/>\n\t<meta property=\"og:image:type\" content=\"image\/jpeg\" \/>\n<meta name=\"twitter:card\" content=\"summary_large_image\" \/>\n<meta name=\"twitter:label1\" content=\"Dur\u00e9e de lecture estim\u00e9e\" \/>\n\t<meta name=\"twitter:data1\" content=\"3 minutes\" \/>\n<script type=\"application\/ld+json\" class=\"yoast-schema-graph\">{\"@context\":\"https:\\\/\\\/schema.org\",\"@graph\":[{\"@type\":\"WebPage\",\"@id\":\"https:\\\/\\\/academy.vg\\\/fr\\\/reservez-votre-experience\\\/\",\"url\":\"https:\\\/\\\/academy.vg\\\/fr\\\/reservez-votre-experience\\\/\",\"name\":\"R\u00e9servez votre exp\u00e9rience - Van Gogh Academy\",\"isPartOf\":{\"@id\":\"https:\\\/\\\/academy.vg\\\/fr\\\/#website\"},\"primaryImageOfPage\":{\"@id\":\"https:\\\/\\\/academy.vg\\\/fr\\\/reservez-votre-experience\\\/#primaryimage\"},\"image\":{\"@id\":\"https:\\\/\\\/academy.vg\\\/fr\\\/reservez-votre-experience\\\/#primaryimage\"},\"thumbnailUrl\":\"https:\\\/\\\/academy.vg\\\/wp-content\\\/uploads\\\/2026\\\/02\\\/20260201_Site-VGA_01-2-1.jpg\",\"datePublished\":\"2025-03-05T19:01:41+00:00\",\"dateModified\":\"2026-02-20T18:22:12+00:00\",\"inLanguage\":\"fr-FR\",\"potentialAction\":[{\"@type\":\"ReadAction\",\"target\":[\"https:\\\/\\\/academy.vg\\\/fr\\\/reservez-votre-experience\\\/\"]}]},{\"@type\":\"ImageObject\",\"inLanguage\":\"fr-FR\",\"@id\":\"https:\\\/\\\/academy.vg\\\/fr\\\/reservez-votre-experience\\\/#primaryimage\",\"url\":\"https:\\\/\\\/academy.vg\\\/wp-content\\\/uploads\\\/2026\\\/02\\\/20260201_Site-VGA_01-2-1.jpg\",\"contentUrl\":\"https:\\\/\\\/academy.vg\\\/wp-content\\\/uploads\\\/2026\\\/02\\\/20260201_Site-VGA_01-2-1.jpg\",\"width\":1778,\"height\":1137},{\"@type\":\"WebSite\",\"@id\":\"https:\\\/\\\/academy.vg\\\/fr\\\/#website\",\"url\":\"https:\\\/\\\/academy.vg\\\/fr\\\/\",\"name\":\"The Van Gogh Academy\",\"description\":\"Des racines aux \u00e9toiles\",\"potentialAction\":[{\"@type\":\"SearchAction\",\"target\":{\"@type\":\"EntryPoint\",\"urlTemplate\":\"https:\\\/\\\/academy.vg\\\/fr\\\/?s={search_term_string}\"},\"query-input\":{\"@type\":\"PropertyValueSpecification\",\"valueRequired\":true,\"valueName\":\"search_term_string\"}}],\"inLanguage\":\"fr-FR\"}]}<\/script>\n<!-- \/ Yoast SEO plugin. -->","yoast_head_json":{"title":"R\u00e9servez votre exp\u00e9rience - Van Gogh Academy","robots":{"index":"index","follow":"follow","max-snippet":"max-snippet:-1","max-image-preview":"max-image-preview:large","max-video-preview":"max-video-preview:-1"},"canonical":"https:\/\/academy.vg\/fr\/reservez-votre-experience\/","og_locale":"fr_FR","og_type":"article","og_title":"R\u00e9servez votre exp\u00e9rience - Van Gogh Academy","og_url":"https:\/\/academy.vg\/fr\/reservez-votre-experience\/","og_site_name":"Van Gogh Academy","article_modified_time":"2026-02-20T18:22:12+00:00","og_image":[{"width":1778,"height":1137,"url":"https:\/\/academy.vg\/wp-content\/uploads\/2026\/02\/20260201_Site-VGA_01-2-1.jpg","type":"image\/jpeg"}],"twitter_card":"summary_large_image","twitter_misc":{"Dur\u00e9e de lecture estim\u00e9e":"3 minutes"},"schema":{"@context":"https:\/\/schema.org","@graph":[{"@type":"WebPage","@id":"https:\/\/academy.vg\/fr\/reservez-votre-experience\/","url":"https:\/\/academy.vg\/fr\/reservez-votre-experience\/","name":"R\u00e9servez votre exp\u00e9rience - Van Gogh Academy","isPartOf":{"@id":"https:\/\/academy.vg\/fr\/#website"},"primaryImageOfPage":{"@id":"https:\/\/academy.vg\/fr\/reservez-votre-experience\/#primaryimage"},"image":{"@id":"https:\/\/academy.vg\/fr\/reservez-votre-experience\/#primaryimage"},"thumbnailUrl":"https:\/\/academy.vg\/wp-content\/uploads\/2026\/02\/20260201_Site-VGA_01-2-1.jpg","datePublished":"2025-03-05T19:01:41+00:00","dateModified":"2026-02-20T18:22:12+00:00","inLanguage":"fr-FR","potentialAction":[{"@type":"ReadAction","target":["https:\/\/academy.vg\/fr\/reservez-votre-experience\/"]}]},{"@type":"ImageObject","inLanguage":"fr-FR","@id":"https:\/\/academy.vg\/fr\/reservez-votre-experience\/#primaryimage","url":"https:\/\/academy.vg\/wp-content\/uploads\/2026\/02\/20260201_Site-VGA_01-2-1.jpg","contentUrl":"https:\/\/academy.vg\/wp-content\/uploads\/2026\/02\/20260201_Site-VGA_01-2-1.jpg","width":1778,"height":1137},{"@type":"WebSite","@id":"https:\/\/academy.vg\/fr\/#website","url":"https:\/\/academy.vg\/fr\/","name":"The Van Gogh Academy","description":"Des racines aux \u00e9toiles","potentialAction":[{"@type":"SearchAction","target":{"@type":"EntryPoint","urlTemplate":"https:\/\/academy.vg\/fr\/?s={search_term_string}"},"query-input":{"@type":"PropertyValueSpecification","valueRequired":true,"valueName":"search_term_string"}}],"inLanguage":"fr-FR"}]}},"campaignId":"","_links":{"self":[{"href":"https:\/\/academy.vg\/fr\/wp-json\/wp\/v2\/pages\/28523","targetHints":{"allow":["GET"]}}],"collection":[{"href":"https:\/\/academy.vg\/fr\/wp-json\/wp\/v2\/pages"}],"about":[{"href":"https:\/\/academy.vg\/fr\/wp-json\/wp\/v2\/types\/page"}],"author":[{"embeddable":true,"href":"https:\/\/academy.vg\/fr\/wp-json\/wp\/v2\/users\/1"}],"replies":[{"embeddable":true,"href":"https:\/\/academy.vg\/fr\/wp-json\/wp\/v2\/comments?post=28523"}],"version-history":[{"count":1,"href":"https:\/\/academy.vg\/fr\/wp-json\/wp\/v2\/pages\/28523\/revisions"}],"predecessor-version":[{"id":33315,"href":"https:\/\/academy.vg\/fr\/wp-json\/wp\/v2\/pages\/28523\/revisions\/33315"}],"wp:featuredmedia":[{"embeddable":true,"href":"https:\/\/academy.vg\/fr\/wp-json\/wp\/v2\/media\/33417"}],"wp:attachment":[{"href":"https:\/\/academy.vg\/fr\/wp-json\/wp\/v2\/media?parent=28523"}],"curies":[{"name":"wp","href":"https:\/\/api.w.org\/{rel}","templated":true}]}}